{"id":8953,"date":"2024-12-11T11:46:46","date_gmt":"2024-12-11T10:46:46","guid":{"rendered":"https:\/\/visitradgona.si\/prireditve\/bad-radgona-festival\/"},"modified":"2025-03-13T20:25:16","modified_gmt":"2025-03-13T19:25:16","slug":"bad-radgona-festival","status":"publish","type":"page","link":"https:\/\/visitradgona.si\/de\/veranstaltungen\/bad-radgona-festival\/","title":{"rendered":"Bad RADgona festival"},"content":{"rendered":"<style>.kb-row-layout-id8953_70a0c2-05 > .kt-row-column-wrap{align-content:start;}:where(.kb-row-layout-id8953_70a0c2-05 > .kt-row-column-wrap) > .wp-block-kadence-column{justify-content:start;}.kb-row-layout-id8953_70a0c2-05 > .kt-row-column-wrap{column-gap:var(--global-kb-gap-md, 2rem);row-gap:var(--global-kb-gap-md, 2rem);max-width:var( --global-content-width, 1290px );padding-left:var(--global-content-edge-padding);padding-right:var(--global-content-edge-padding);padding-right:20px;padding-bottom:120px;padding-left:20px;min-height:50vh;grid-template-columns:minmax(0, calc(52% - ((var(--global-kb-gap-md, 2rem) * 1 )\/2)))minmax(0, calc(48% - ((var(--global-kb-gap-md, 2rem) * 1 )\/2)));}.kb-row-layout-id8953_70a0c2-05{background-image:url('https:\/\/visitradgona.si\/wp-content\/uploads\/2024\/12\/VisitRadgona-cover-photo_0002_IMG_3092.jpg');background-size:cover;background-position:30% 0%;background-attachment:scroll;background-repeat:no-repeat;}.kb-row-layout-id8953_70a0c2-05 > .kt-row-layout-overlay{opacity:0.30;}@media all and (max-width: 1024px){.kb-row-layout-id8953_70a0c2-05 > .kt-row-column-wrap{padding-top:60px;padding-right:90px;padding-bottom:60px;padding-left:90px;grid-template-columns:minmax(0, 1fr);}}@media all and (max-width: 767px){.kb-row-layout-id8953_70a0c2-05 > .kt-row-column-wrap{padding-top:60px;padding-right:20px;padding-bottom:40px;padding-left:20px;grid-template-columns:minmax(0, 1fr);}}<\/style><div class=\"kb-row-layout-wrap kb-row-layout-id8953_70a0c2-05 alignnone kt-row-has-bg wp-block-kadence-rowlayout\"><div class=\"kt-row-column-wrap kt-has-2-columns kt-row-layout-left-golden kt-tab-layout-row kt-mobile-layout-row kt-row-valign-top kb-theme-content-width\">\n<style>.kadence-column8953_5c0c03-06 > .kt-inside-inner-col{padding-right:0px;padding-left:0px;}.kadence-column8953_5c0c03-06 > .kt-inside-inner-col,.kadence-column8953_5c0c03-06 > .kt-inside-inner-col:before{border-top-left-radius:0px;border-top-right-radius:0px;border-bottom-right-radius:0px;border-bottom-left-radius:0px;}.kadence-column8953_5c0c03-06 > .kt-inside-inner-col{column-gap:var(--global-kb-gap-sm, 1rem);}.kadence-column8953_5c0c03-06 > .kt-inside-inner-col{flex-direction:column;}.kadence-column8953_5c0c03-06 > .kt-inside-inner-col > .aligncenter{width:100%;}.kadence-column8953_5c0c03-06 > .kt-inside-inner-col:before{opacity:0.3;}.kadence-column8953_5c0c03-06{position:relative;}.kadence-column8953_5c0c03-06, .kt-inside-inner-col > .kadence-column8953_5c0c03-06:not(.specificity){margin-right:90px;margin-left:10px;}@media all and (max-width: 1024px){.kadence-column8953_5c0c03-06 > .kt-inside-inner-col{padding-top:0px;padding-right:60px;padding-bottom:0px;padding-left:60px;flex-direction:column;justify-content:center;}}@media all and (max-width: 1024px){.kadence-column8953_5c0c03-06, .kt-inside-inner-col > .kadence-column8953_5c0c03-06:not(.specificity){margin-top:0px;margin-right:0px;margin-bottom:0px;margin-left:0px;}}@media all and (max-width: 767px){.kadence-column8953_5c0c03-06 > .kt-inside-inner-col{padding-right:0px;padding-left:0px;flex-direction:column;justify-content:center;}.kadence-column8953_5c0c03-06, .kt-inside-inner-col > .kadence-column8953_5c0c03-06:not(.specificity){margin-right:0px;margin-left:0px;}}<\/style>\n<div class=\"wp-block-kadence-column kadence-column8953_5c0c03-06 inner-column-1\"><div class=\"kt-inside-inner-col\"><\/div><\/div>\n\n\n<style>.kadence-column8953_9bc7a2-e2 > .kt-inside-inner-col,.kadence-column8953_9bc7a2-e2 > .kt-inside-inner-col:before{border-top-left-radius:0px;border-top-right-radius:0px;border-bottom-right-radius:0px;border-bottom-left-radius:0px;}.kadence-column8953_9bc7a2-e2 > .kt-inside-inner-col{column-gap:var(--global-kb-gap-sm, 1rem);}.kadence-column8953_9bc7a2-e2 > .kt-inside-inner-col{flex-direction:column;}.kadence-column8953_9bc7a2-e2 > .kt-inside-inner-col > .aligncenter{width:100%;}.kadence-column8953_9bc7a2-e2 > .kt-inside-inner-col:before{opacity:0.3;}.kadence-column8953_9bc7a2-e2{position:relative;}@media all and (max-width: 1024px){.kadence-column8953_9bc7a2-e2 > .kt-inside-inner-col{flex-direction:column;justify-content:center;}}@media all and (max-width: 767px){.kadence-column8953_9bc7a2-e2 > .kt-inside-inner-col{flex-direction:column;justify-content:center;}}<\/style>\n<div class=\"wp-block-kadence-column kadence-column8953_9bc7a2-e2 kvs-md-false kvs-sm-false inner-column-2\"><div class=\"kt-inside-inner-col\"><\/div><\/div>\n\n<\/div><\/div>\n\n<style>.kb-row-layout-id8953_c40fa6-e2 > .kt-row-column-wrap{align-content:start;}:where(.kb-row-layout-id8953_c40fa6-e2 > .kt-row-column-wrap) > .wp-block-kadence-column{justify-content:start;}.kb-row-layout-id8953_c40fa6-e2 > .kt-row-column-wrap{column-gap:var(--global-kb-gap-md, 2rem);row-gap:var(--global-kb-gap-md, 2rem);max-width:var( --global-content-width, 1290px );padding-left:var(--global-content-edge-padding);padding-right:var(--global-content-edge-padding);padding-top:60px;padding-right:20px;padding-bottom:80px;padding-left:20px;grid-template-columns:minmax(0, 1fr);}.kb-row-layout-id8953_c40fa6-e2 > .kt-row-layout-overlay{opacity:0.30;}@media all and (max-width: 1024px){.kb-row-layout-id8953_c40fa6-e2 > .kt-row-column-wrap{grid-template-columns:minmax(0, 1fr);}}@media all and (max-width: 767px){.kb-row-layout-id8953_c40fa6-e2 > .kt-row-column-wrap{grid-template-columns:minmax(0, 1fr);}}<\/style><div class=\"kb-row-layout-wrap kb-row-layout-id8953_c40fa6-e2 alignfull wp-block-kadence-rowlayout\"><div class=\"kt-row-column-wrap kt-has-1-columns kt-row-layout-equal kt-tab-layout-inherit kt-mobile-layout-row kt-row-valign-top kb-theme-content-width\">\n<style>.kadence-column8953_cd25a0-35 > .kt-inside-inner-col,.kadence-column8953_cd25a0-35 > .kt-inside-inner-col:before{border-top-left-radius:0px;border-top-right-radius:0px;border-bottom-right-radius:0px;border-bottom-left-radius:0px;}.kadence-column8953_cd25a0-35 > .kt-inside-inner-col{column-gap:var(--global-kb-gap-sm, 1rem);}.kadence-column8953_cd25a0-35 > .kt-inside-inner-col{flex-direction:column;}.kadence-column8953_cd25a0-35 > .kt-inside-inner-col > .aligncenter{width:100%;}.kadence-column8953_cd25a0-35 > .kt-inside-inner-col:before{opacity:0.3;}.kadence-column8953_cd25a0-35{position:relative;}@media all and (max-width: 1024px){.kadence-column8953_cd25a0-35 > .kt-inside-inner-col{flex-direction:column;justify-content:center;}}@media all and (max-width: 767px){.kadence-column8953_cd25a0-35 > .kt-inside-inner-col{flex-direction:column;justify-content:center;}}<\/style>\n<div class=\"wp-block-kadence-column kadence-column8953_cd25a0-35\"><div class=\"kt-inside-inner-col\"><style>.wp-block-kadence-advancedheading.kt-adv-heading8953_4d837f-4a, .wp-block-kadence-advancedheading.kt-adv-heading8953_4d837f-4a[data-kb-block=\"kb-adv-heading8953_4d837f-4a\"]{font-style:normal;}.wp-block-kadence-advancedheading.kt-adv-heading8953_4d837f-4a mark.kt-highlight, .wp-block-kadence-advancedheading.kt-adv-heading8953_4d837f-4a[data-kb-block=\"kb-adv-heading8953_4d837f-4a\"] mark.kt-highlight{font-style:normal;color:#f76a0c;-webkit-box-decoration-break:clone;box-decoration-break:clone;padding-top:0px;padding-right:0px;padding-bottom:0px;padding-left:0px;}.wp-block-kadence-advancedheading.kt-adv-heading8953_4d837f-4a img.kb-inline-image, .wp-block-kadence-advancedheading.kt-adv-heading8953_4d837f-4a[data-kb-block=\"kb-adv-heading8953_4d837f-4a\"] img.kb-inline-image{width:150px;vertical-align:baseline;}@media all and (max-width: 1024px){.wp-block-kadence-advancedheading.kt-adv-heading8953_4d837f-4a, .wp-block-kadence-advancedheading.kt-adv-heading8953_4d837f-4a[data-kb-block=\"kb-adv-heading8953_4d837f-4a\"]{text-align:left!important;}}<\/style>\n<h6 class=\"kt-adv-heading8953_4d837f-4a wp-block-kadence-advancedheading\" data-kb-block=\"kb-adv-heading8953_4d837f-4a\">Veranstaltungen<\/h6>\n\n\n<style>.wp-block-kadence-advancedheading.kt-adv-heading8953_498ec2-74, .wp-block-kadence-advancedheading.kt-adv-heading8953_498ec2-74[data-kb-block=\"kb-adv-heading8953_498ec2-74\"]{margin-bottom:30px;font-style:normal;}.wp-block-kadence-advancedheading.kt-adv-heading8953_498ec2-74 mark.kt-highlight, .wp-block-kadence-advancedheading.kt-adv-heading8953_498ec2-74[data-kb-block=\"kb-adv-heading8953_498ec2-74\"] mark.kt-highlight{font-style:normal;color:#f76a0c;-webkit-box-decoration-break:clone;box-decoration-break:clone;padding-top:0px;padding-right:0px;padding-bottom:0px;padding-left:0px;}.wp-block-kadence-advancedheading.kt-adv-heading8953_498ec2-74 img.kb-inline-image, .wp-block-kadence-advancedheading.kt-adv-heading8953_498ec2-74[data-kb-block=\"kb-adv-heading8953_498ec2-74\"] img.kb-inline-image{width:150px;vertical-align:baseline;}@media all and (max-width: 1024px){.wp-block-kadence-advancedheading.kt-adv-heading8953_498ec2-74, .wp-block-kadence-advancedheading.kt-adv-heading8953_498ec2-74[data-kb-block=\"kb-adv-heading8953_498ec2-74\"]{text-align:left!important;}}@media all and (max-width: 767px){.wp-block-kadence-advancedheading.kt-adv-heading8953_498ec2-74, .wp-block-kadence-advancedheading.kt-adv-heading8953_498ec2-74[data-kb-block=\"kb-adv-heading8953_498ec2-74\"]{padding-top:0px;padding-right:0px;padding-bottom:0px;padding-left:0px;}}<\/style>\n<h1 class=\"kt-adv-heading8953_498ec2-74 wp-block-kadence-advancedheading\" data-kb-block=\"kb-adv-heading8953_498ec2-74\"><strong>Bad RADgona festival<\/strong><\/h1>\n\n\n\n<p class=\"wp-block-paragraph\">Das Bad RADgona Festival ist ein Kunst- und Musikfestival, das auf der Freundschaftsbr\u00fccke stattfindet, einer symbolischen verbindenden Br\u00fccke zwischen dem \u00f6sterreichischen Bad Radkersburg und dem slowenischen Gornja Radgona. Das Festival feiert Freundschaft, interkulturelle Zusammenarbeit und bietet den Besuchern die M\u00f6glichkeit, ein reichhaltiges Kulturprogramm zu genie\u00dfen, das Kunst und Musik entlang der Mura vereint.<\/p>\n\n\n\n<p class=\"wp-block-paragraph\">Die Veranstaltung bietet ein breites Spektrum an musikalischen Darbietungen, Kunstausstellungen, Theaterauff\u00fchrungen und Workshops. Internationale und lokale K\u00fcnstler pr\u00e4sentieren verschiedene Genres und schaffen eine einzigartige Atmosph\u00e4re, die es den Besuchern erm\u00f6glicht, sich mit Kunst und Kultur zu verbinden, w\u00e4hrend gleichzeitig die Freundschaft zwischen den beiden St\u00e4dten gefeiert wird.<\/p>\n\n\n\n<p class=\"wp-block-paragraph\">Das Bad RADgona Festival ist mehr als nur eine kulturelle Veranstaltung \u2013 es ist ein Fest der interkulturellen Zusammenarbeit, das Menschen unterschiedlicher Nationalit\u00e4ten und Hintergr\u00fcnde in gemeinsamer Freude und kreativem Geist vereint.<\/p>\n\n\n\n<p class=\"wp-block-paragraph\">Unten k\u00f6nnen Sie die Bildergalerie der letzten Veranstaltung ansehen, die HIER verf\u00fcgbar ist.<\/p>\n<\/div><\/div>\n\n<\/div><\/div>","protected":false},"excerpt":{"rendered":"<p>Veranstaltungen Bad RADgona festival Das Bad RADgona Festival ist ein Kunst- und Musikfestival, das auf der Freundschaftsbr\u00fccke stattfindet, einer symbolischen verbindenden Br\u00fccke zwischen dem \u00f6sterreichischen Bad Radkersburg und dem slowenischen Gornja Radgona. Das Festival feiert Freundschaft, interkulturelle Zusammenarbeit und bietet den Besuchern die M\u00f6glichkeit, ein reichhaltiges Kulturprogramm zu genie\u00dfen, das Kunst und Musik entlang der&#8230;<\/p>\n","protected":false},"author":1,"featured_media":0,"parent":8660,"menu_order":0,"comment_status":"closed","ping_status":"closed","template":"","meta":{"_acf_changed":false,"_kad_blocks_custom_css":"","_kad_blocks_head_custom_js":"","_kad_blocks_body_custom_js":"","_kad_blocks_footer_custom_js":"","_kadence_starter_templates_imported_post":true,"_kad_post_transparent":"","_kad_post_title":"hide","_kad_post_layout":"fullwidth","_kad_post_sidebar_id":"","_kad_post_content_style":"unboxed","_kad_post_vertical_padding":"hide","_kad_post_feature":"hide","_kad_post_feature_position":"","_kad_post_header":false,"_kad_post_footer":false,"_kad_post_classname":"","footnotes":""},"class_list":["post-8953","page","type-page","status-publish","hentry"],"acf":[],"aioseo_notices":[],"aioseo_head":"\n\t\t<!-- All in One SEO 4.9.10 - aioseo.com -->\n\t<meta name=\"description\" content=\"Veranstaltungen Bad RADgona festival Das Bad RADgona Festival ist ein Kunst- und Musikfestival, das auf der Freundschaftsbr\u00fccke stattfindet, einer symbolischen verbindenden Br\u00fccke zwischen dem \u00f6sterreichischen Bad Radkersburg und dem slowenischen Gornja Radgona. Das Festival feiert Freundschaft, interkulturelle Zusammenarbeit und bietet den Besuchern die M\u00f6glichkeit, ein reichhaltiges Kulturprogramm zu genie\u00dfen, das Kunst und Musik entlang der\" \/>\n\t<meta name=\"robots\" content=\"max-image-preview:large\" \/>\n\t<link rel=\"canonical\" href=\"https:\/\/visitradgona.si\/de\/veranstaltungen\/bad-radgona-festival\/\" \/>\n\t<meta name=\"generator\" content=\"All in One SEO (AIOSEO) 4.9.10\" \/>\n\t\t<meta property=\"og:locale\" content=\"de_DE\" \/>\n\t\t<meta property=\"og:site_name\" content=\"Visit Radgona - Mesto sejmov in penine\" \/>\n\t\t<meta property=\"og:type\" content=\"article\" \/>\n\t\t<meta property=\"og:title\" content=\"Bad RADgona festival - Visit Radgona\" \/>\n\t\t<meta property=\"og:description\" content=\"Veranstaltungen Bad RADgona festival Das Bad RADgona Festival ist ein Kunst- und Musikfestival, das auf der Freundschaftsbr\u00fccke stattfindet, einer symbolischen verbindenden Br\u00fccke zwischen dem \u00f6sterreichischen Bad Radkersburg und dem slowenischen Gornja Radgona. Das Festival feiert Freundschaft, interkulturelle Zusammenarbeit und bietet den Besuchern die M\u00f6glichkeit, ein reichhaltiges Kulturprogramm zu genie\u00dfen, das Kunst und Musik entlang der\" \/>\n\t\t<meta property=\"og:url\" content=\"https:\/\/visitradgona.si\/de\/veranstaltungen\/bad-radgona-festival\/\" \/>\n\t\t<meta property=\"og:image\" content=\"https:\/\/visitradgona.si\/wp-content\/uploads\/2024\/11\/Visit-Radgona-logo.png\" \/>\n\t\t<meta property=\"og:image:secure_url\" content=\"https:\/\/visitradgona.si\/wp-content\/uploads\/2024\/11\/Visit-Radgona-logo.png\" \/>\n\t\t<meta property=\"og:image:width\" content=\"400\" \/>\n\t\t<meta property=\"og:image:height\" content=\"120\" \/>\n\t\t<meta property=\"article:published_time\" content=\"2024-12-11T10:46:46+00:00\" \/>\n\t\t<meta property=\"article:modified_time\" content=\"2025-03-13T19:25:16+00:00\" \/>\n\t\t<meta property=\"article:publisher\" content=\"https:\/\/www.facebook.com\/VisitRadgona\/\" \/>\n\t\t<meta name=\"twitter:card\" content=\"summary_large_image\" \/>\n\t\t<meta name=\"twitter:title\" content=\"Bad RADgona festival - Visit Radgona\" \/>\n\t\t<meta name=\"twitter:description\" content=\"Veranstaltungen Bad RADgona festival Das Bad RADgona Festival ist ein Kunst- und Musikfestival, das auf der Freundschaftsbr\u00fccke stattfindet, einer symbolischen verbindenden Br\u00fccke zwischen dem \u00f6sterreichischen Bad Radkersburg und dem slowenischen Gornja Radgona. Das Festival feiert Freundschaft, interkulturelle Zusammenarbeit und bietet den Besuchern die M\u00f6glichkeit, ein reichhaltiges Kulturprogramm zu genie\u00dfen, das Kunst und Musik entlang der\" \/>\n\t\t<meta name=\"twitter:image\" content=\"https:\/\/visitradgona.si\/wp-content\/uploads\/2024\/11\/Visit-Radgona-logo.png\" \/>\n\t\t<script type=\"application\/ld+json\" class=\"aioseo-schema\">\n\t\t\t{\"@context\":\"https:\\\/\\\/schema.org\",\"@graph\":[{\"@type\":\"BreadcrumbList\",\"@id\":\"https:\\\/\\\/visitradgona.si\\\/de\\\/veranstaltungen\\\/bad-radgona-festival\\\/#breadcrumblist\",\"itemListElement\":[{\"@type\":\"ListItem\",\"@id\":\"https:\\\/\\\/visitradgona.si\\\/de\\\/#listItem\",\"position\":1,\"name\":\"Home\",\"item\":\"https:\\\/\\\/visitradgona.si\\\/de\\\/\",\"nextItem\":{\"@type\":\"ListItem\",\"@id\":\"https:\\\/\\\/visitradgona.si\\\/de\\\/veranstaltungen\\\/#listItem\",\"name\":\"Veranstaltungen\"}},{\"@type\":\"ListItem\",\"@id\":\"https:\\\/\\\/visitradgona.si\\\/de\\\/veranstaltungen\\\/#listItem\",\"position\":2,\"name\":\"Veranstaltungen\",\"item\":\"https:\\\/\\\/visitradgona.si\\\/de\\\/veranstaltungen\\\/\",\"nextItem\":{\"@type\":\"ListItem\",\"@id\":\"https:\\\/\\\/visitradgona.si\\\/de\\\/veranstaltungen\\\/bad-radgona-festival\\\/#listItem\",\"name\":\"Bad RADgona festival\"},\"previousItem\":{\"@type\":\"ListItem\",\"@id\":\"https:\\\/\\\/visitradgona.si\\\/de\\\/#listItem\",\"name\":\"Home\"}},{\"@type\":\"ListItem\",\"@id\":\"https:\\\/\\\/visitradgona.si\\\/de\\\/veranstaltungen\\\/bad-radgona-festival\\\/#listItem\",\"position\":3,\"name\":\"Bad RADgona festival\",\"previousItem\":{\"@type\":\"ListItem\",\"@id\":\"https:\\\/\\\/visitradgona.si\\\/de\\\/veranstaltungen\\\/#listItem\",\"name\":\"Veranstaltungen\"}}]},{\"@type\":\"Organization\",\"@id\":\"https:\\\/\\\/visitradgona.si\\\/de\\\/#organization\",\"name\":\"Visit Radgona\",\"description\":\"Mesto sejmov in penine\",\"url\":\"https:\\\/\\\/visitradgona.si\\\/de\\\/\",\"logo\":{\"@type\":\"ImageObject\",\"url\":\"https:\\\/\\\/visitradgona.kiaora.si\\\/wp-content\\\/uploads\\\/2024\\\/11\\\/Visit-Radgona-logo.png\",\"@id\":\"https:\\\/\\\/visitradgona.si\\\/de\\\/veranstaltungen\\\/bad-radgona-festival\\\/#organizationLogo\"},\"image\":{\"@id\":\"https:\\\/\\\/visitradgona.si\\\/de\\\/veranstaltungen\\\/bad-radgona-festival\\\/#organizationLogo\"},\"sameAs\":[\"https:\\\/\\\/www.facebook.com\\\/VisitRadgona\\\/\",\"https:\\\/\\\/www.instagram.com\\\/visitradgona\\\/\",\"https:\\\/\\\/www.youtube.com\\\/@visitradgona\"]},{\"@type\":\"WebPage\",\"@id\":\"https:\\\/\\\/visitradgona.si\\\/de\\\/veranstaltungen\\\/bad-radgona-festival\\\/#webpage\",\"url\":\"https:\\\/\\\/visitradgona.si\\\/de\\\/veranstaltungen\\\/bad-radgona-festival\\\/\",\"name\":\"Bad RADgona festival - Visit Radgona\",\"description\":\"Veranstaltungen Bad RADgona festival Das Bad RADgona Festival ist ein Kunst- und Musikfestival, das auf der Freundschaftsbr\\u00fccke stattfindet, einer symbolischen verbindenden Br\\u00fccke zwischen dem \\u00f6sterreichischen Bad Radkersburg und dem slowenischen Gornja Radgona. Das Festival feiert Freundschaft, interkulturelle Zusammenarbeit und bietet den Besuchern die M\\u00f6glichkeit, ein reichhaltiges Kulturprogramm zu genie\\u00dfen, das Kunst und Musik entlang der\",\"inLanguage\":\"de-DE\",\"isPartOf\":{\"@id\":\"https:\\\/\\\/visitradgona.si\\\/de\\\/#website\"},\"breadcrumb\":{\"@id\":\"https:\\\/\\\/visitradgona.si\\\/de\\\/veranstaltungen\\\/bad-radgona-festival\\\/#breadcrumblist\"},\"datePublished\":\"2024-12-11T11:46:46+01:00\",\"dateModified\":\"2025-03-13T20:25:16+01:00\"},{\"@type\":\"WebSite\",\"@id\":\"https:\\\/\\\/visitradgona.si\\\/de\\\/#website\",\"url\":\"https:\\\/\\\/visitradgona.si\\\/de\\\/\",\"name\":\"Visit Radgona\",\"description\":\"Mesto sejmov in penine\",\"inLanguage\":\"de-DE\",\"publisher\":{\"@id\":\"https:\\\/\\\/visitradgona.si\\\/de\\\/#organization\"}}]}\n\t\t<\/script>\n\t\t<!-- All in One SEO -->\n\n","aioseo_head_json":{"title":"Bad RADgona festival - Visit Radgona","description":"Veranstaltungen Bad RADgona festival Das Bad RADgona Festival ist ein Kunst- und Musikfestival, das auf der Freundschaftsbr\u00fccke stattfindet, einer symbolischen verbindenden Br\u00fccke zwischen dem \u00f6sterreichischen Bad Radkersburg und dem slowenischen Gornja Radgona. Das Festival feiert Freundschaft, interkulturelle Zusammenarbeit und bietet den Besuchern die M\u00f6glichkeit, ein reichhaltiges Kulturprogramm zu genie\u00dfen, das Kunst und Musik entlang der","canonical_url":"https:\/\/visitradgona.si\/de\/veranstaltungen\/bad-radgona-festival\/","robots":"max-image-preview:large","keywords":"","webmasterTools":{"miscellaneous":""},"schema":{"@context":"https:\/\/schema.org","@graph":[{"@type":"BreadcrumbList","@id":"https:\/\/visitradgona.si\/de\/veranstaltungen\/bad-radgona-festival\/#breadcrumblist","itemListElement":[{"@type":"ListItem","@id":"https:\/\/visitradgona.si\/de\/#listItem","position":1,"name":"Home","item":"https:\/\/visitradgona.si\/de\/","nextItem":{"@type":"ListItem","@id":"https:\/\/visitradgona.si\/de\/veranstaltungen\/#listItem","name":"Veranstaltungen"}},{"@type":"ListItem","@id":"https:\/\/visitradgona.si\/de\/veranstaltungen\/#listItem","position":2,"name":"Veranstaltungen","item":"https:\/\/visitradgona.si\/de\/veranstaltungen\/","nextItem":{"@type":"ListItem","@id":"https:\/\/visitradgona.si\/de\/veranstaltungen\/bad-radgona-festival\/#listItem","name":"Bad RADgona festival"},"previousItem":{"@type":"ListItem","@id":"https:\/\/visitradgona.si\/de\/#listItem","name":"Home"}},{"@type":"ListItem","@id":"https:\/\/visitradgona.si\/de\/veranstaltungen\/bad-radgona-festival\/#listItem","position":3,"name":"Bad RADgona festival","previousItem":{"@type":"ListItem","@id":"https:\/\/visitradgona.si\/de\/veranstaltungen\/#listItem","name":"Veranstaltungen"}}]},{"@type":"Organization","@id":"https:\/\/visitradgona.si\/de\/#organization","name":"Visit Radgona","description":"Mesto sejmov in penine","url":"https:\/\/visitradgona.si\/de\/","logo":{"@type":"ImageObject","url":"https:\/\/visitradgona.kiaora.si\/wp-content\/uploads\/2024\/11\/Visit-Radgona-logo.png","@id":"https:\/\/visitradgona.si\/de\/veranstaltungen\/bad-radgona-festival\/#organizationLogo"},"image":{"@id":"https:\/\/visitradgona.si\/de\/veranstaltungen\/bad-radgona-festival\/#organizationLogo"},"sameAs":["https:\/\/www.facebook.com\/VisitRadgona\/","https:\/\/www.instagram.com\/visitradgona\/","https:\/\/www.youtube.com\/@visitradgona"]},{"@type":"WebPage","@id":"https:\/\/visitradgona.si\/de\/veranstaltungen\/bad-radgona-festival\/#webpage","url":"https:\/\/visitradgona.si\/de\/veranstaltungen\/bad-radgona-festival\/","name":"Bad RADgona festival - Visit Radgona","description":"Veranstaltungen Bad RADgona festival Das Bad RADgona Festival ist ein Kunst- und Musikfestival, das auf der Freundschaftsbr\u00fccke stattfindet, einer symbolischen verbindenden Br\u00fccke zwischen dem \u00f6sterreichischen Bad Radkersburg und dem slowenischen Gornja Radgona. Das Festival feiert Freundschaft, interkulturelle Zusammenarbeit und bietet den Besuchern die M\u00f6glichkeit, ein reichhaltiges Kulturprogramm zu genie\u00dfen, das Kunst und Musik entlang der","inLanguage":"de-DE","isPartOf":{"@id":"https:\/\/visitradgona.si\/de\/#website"},"breadcrumb":{"@id":"https:\/\/visitradgona.si\/de\/veranstaltungen\/bad-radgona-festival\/#breadcrumblist"},"datePublished":"2024-12-11T11:46:46+01:00","dateModified":"2025-03-13T20:25:16+01:00"},{"@type":"WebSite","@id":"https:\/\/visitradgona.si\/de\/#website","url":"https:\/\/visitradgona.si\/de\/","name":"Visit Radgona","description":"Mesto sejmov in penine","inLanguage":"de-DE","publisher":{"@id":"https:\/\/visitradgona.si\/de\/#organization"}}]},"og:locale":"de_DE","og:site_name":"Visit Radgona - Mesto sejmov in penine","og:type":"article","og:title":"Bad RADgona festival - Visit Radgona","og:description":"Veranstaltungen Bad RADgona festival Das Bad RADgona Festival ist ein Kunst- und Musikfestival, das auf der Freundschaftsbr\u00fccke stattfindet, einer symbolischen verbindenden Br\u00fccke zwischen dem \u00f6sterreichischen Bad Radkersburg und dem slowenischen Gornja Radgona. Das Festival feiert Freundschaft, interkulturelle Zusammenarbeit und bietet den Besuchern die M\u00f6glichkeit, ein reichhaltiges Kulturprogramm zu genie\u00dfen, das Kunst und Musik entlang der","og:url":"https:\/\/visitradgona.si\/de\/veranstaltungen\/bad-radgona-festival\/","og:image":"https:\/\/visitradgona.si\/wp-content\/uploads\/2024\/11\/Visit-Radgona-logo.png","og:image:secure_url":"https:\/\/visitradgona.si\/wp-content\/uploads\/2024\/11\/Visit-Radgona-logo.png","og:image:width":400,"og:image:height":120,"article:published_time":"2024-12-11T10:46:46+00:00","article:modified_time":"2025-03-13T19:25:16+00:00","article:publisher":"https:\/\/www.facebook.com\/VisitRadgona\/","twitter:card":"summary_large_image","twitter:title":"Bad RADgona festival - Visit Radgona","twitter:description":"Veranstaltungen Bad RADgona festival Das Bad RADgona Festival ist ein Kunst- und Musikfestival, das auf der Freundschaftsbr\u00fccke stattfindet, einer symbolischen verbindenden Br\u00fccke zwischen dem \u00f6sterreichischen Bad Radkersburg und dem slowenischen Gornja Radgona. Das Festival feiert Freundschaft, interkulturelle Zusammenarbeit und bietet den Besuchern die M\u00f6glichkeit, ein reichhaltiges Kulturprogramm zu genie\u00dfen, das Kunst und Musik entlang der","twitter:image":"https:\/\/visitradgona.si\/wp-content\/uploads\/2024\/11\/Visit-Radgona-logo.png"},"aioseo_meta_data":{"post_id":"8953","title":null,"description":null,"keywords":null,"keyphrases":{"focus":{"keyphrase":"","score":0,"analysis":{"keyphraseInTitle":{"score":0,"maxScore":9,"error":1}}},"additional":[]},"primary_term":null,"canonical_url":null,"og_title":null,"og_description":null,"og_object_type":"default","og_image_type":"default","og_image_url":null,"og_image_width":null,"og_image_height":null,"og_image_custom_url":null,"og_image_custom_fields":null,"og_video":"","og_custom_url":null,"og_article_section":null,"og_article_tags":null,"twitter_use_og":false,"twitter_card":"default","twitter_image_type":"default","twitter_image_url":null,"twitter_image_custom_url":null,"twitter_image_custom_fields":null,"twitter_title":null,"twitter_description":null,"schema":{"blockGraphs":[],"customGraphs":[],"default":{"data":{"Article":[],"Course":[],"Dataset":[],"FAQPage":[],"Movie":[],"Person":[],"Product":[],"ProductReview":[],"Car":[],"Recipe":[],"Service":[],"SoftwareApplication":[],"WebPage":[]},"graphName":"WebPage","isEnabled":true},"graphs":[]},"schema_type":"default","schema_type_options":null,"pillar_content":false,"robots_default":true,"robots_noindex":false,"robots_noarchive":false,"robots_nosnippet":false,"robots_nofollow":false,"robots_noimageindex":false,"robots_noodp":false,"robots_notranslate":false,"robots_max_snippet":"-1","robots_max_videopreview":"-1","robots_max_imagepreview":"large","priority":null,"frequency":"default","local_seo":null,"breadcrumb_settings":null,"limit_modified_date":false,"ai":null,"created":"2025-01-09 11:41:21","updated":"2025-07-11 09:51:41","seo_analyzer_scan_date":null},"aioseo_breadcrumb":"<div class=\"aioseo-breadcrumbs\"><span class=\"aioseo-breadcrumb\">\n\t\t\t<a href=\"https:\/\/visitradgona.si\/de\/\" title=\"Home\">Home<\/a>\n\t\t<\/span><span class=\"aioseo-breadcrumb-separator\">|<\/span><span class=\"aioseo-breadcrumb\">\n\t\t\t<a href=\"https:\/\/visitradgona.si\/de\/veranstaltungen\/\" title=\"Veranstaltungen\">Veranstaltungen<\/a>\n\t\t<\/span><span class=\"aioseo-breadcrumb-separator\">|<\/span><span class=\"aioseo-breadcrumb\">\n\t\t\tBad RADgona festival\n\t\t<\/span><\/div>","aioseo_breadcrumb_json":[{"label":"Home","link":"https:\/\/visitradgona.si\/de\/"},{"label":"Veranstaltungen","link":"https:\/\/visitradgona.si\/de\/veranstaltungen\/"},{"label":"Bad RADgona festival","link":"https:\/\/visitradgona.si\/de\/veranstaltungen\/bad-radgona-festival\/"}],"taxonomy_info":[],"featured_image_src_large":false,"author_info":{"display_name":"Miha Borec","author_link":"https:\/\/visitradgona.si\/de\/author\/miha-borec\/"},"comment_info":0,"_links":{"self":[{"href":"https:\/\/visitradgona.si\/de\/wp-json\/wp\/v2\/pages\/8953","targetHints":{"allow":["GET"]}}],"collection":[{"href":"https:\/\/visitradgona.si\/de\/wp-json\/wp\/v2\/pages"}],"about":[{"href":"https:\/\/visitradgona.si\/de\/wp-json\/wp\/v2\/types\/page"}],"author":[{"embeddable":true,"href":"https:\/\/visitradgona.si\/de\/wp-json\/wp\/v2\/users\/1"}],"replies":[{"embeddable":true,"href":"https:\/\/visitradgona.si\/de\/wp-json\/wp\/v2\/comments?post=8953"}],"version-history":[{"count":0,"href":"https:\/\/visitradgona.si\/de\/wp-json\/wp\/v2\/pages\/8953\/revisions"}],"up":[{"embeddable":true,"href":"https:\/\/visitradgona.si\/de\/wp-json\/wp\/v2\/pages\/8660"}],"wp:attachment":[{"href":"https:\/\/visitradgona.si\/de\/wp-json\/wp\/v2\/media?parent=8953"}],"curies":[{"name":"wp","href":"https:\/\/api.w.org\/{rel}","templated":true}]}}