{"id":8808,"date":"2024-11-23T18:22:02","date_gmt":"2024-11-23T17:22:02","guid":{"rendered":"https:\/\/visitradgona.si\/smodniski-stolp\/"},"modified":"2025-03-02T16:59:53","modified_gmt":"2025-03-02T15:59:53","slug":"der-pulverturm","status":"publish","type":"page","link":"https:\/\/visitradgona.si\/de\/touristische-attraktionen\/der-pulverturm\/","title":{"rendered":"Der Pulverturm"},"content":{"rendered":"<style>.kb-row-layout-id8808_0fd8db-c0 > .kt-row-column-wrap{align-content:start;}:where(.kb-row-layout-id8808_0fd8db-c0 > .kt-row-column-wrap) > .wp-block-kadence-column{justify-content:start;}.kb-row-layout-id8808_0fd8db-c0 > .kt-row-column-wrap{column-gap:var(--global-kb-gap-md, 2rem);row-gap:var(--global-kb-gap-md, 2rem);max-width:var( --global-content-width, 1290px );padding-left:var(--global-content-edge-padding);padding-right:var(--global-content-edge-padding);padding-right:20px;padding-bottom:120px;padding-left:20px;min-height:50vh;grid-template-columns:minmax(0, calc(52% - ((var(--global-kb-gap-md, 2rem) * 1 )\/2)))minmax(0, calc(48% - ((var(--global-kb-gap-md, 2rem) * 1 )\/2)));}.kb-row-layout-id8808_0fd8db-c0{background-image:url('https:\/\/visitradgona.si\/wp-content\/uploads\/2024\/11\/Visit-Radgona-cover-photo-scaled-1.jpg');background-size:cover;background-position:65% 30%;background-attachment:scroll;background-repeat:no-repeat;}.kb-row-layout-id8808_0fd8db-c0 > .kt-row-layout-overlay{opacity:0.30;}@media all and (max-width: 1024px){.kb-row-layout-id8808_0fd8db-c0 > .kt-row-column-wrap{padding-top:60px;padding-right:90px;padding-bottom:60px;padding-left:90px;grid-template-columns:minmax(0, 1fr);}}@media all and (max-width: 767px){.kb-row-layout-id8808_0fd8db-c0 > .kt-row-column-wrap{padding-top:60px;padding-right:20px;padding-bottom:40px;padding-left:20px;grid-template-columns:minmax(0, 1fr);}}<\/style><div class=\"kb-row-layout-wrap kb-row-layout-id8808_0fd8db-c0 alignnone kt-row-has-bg wp-block-kadence-rowlayout\"><div class=\"kt-row-column-wrap kt-has-2-columns kt-row-layout-left-golden kt-tab-layout-row kt-mobile-layout-row kt-row-valign-top kb-theme-content-width\">\n<style>.kadence-column8808_4fb3e3-32 > .kt-inside-inner-col{padding-right:0px;padding-left:0px;}.kadence-column8808_4fb3e3-32 > .kt-inside-inner-col,.kadence-column8808_4fb3e3-32 > .kt-inside-inner-col:before{border-top-left-radius:0px;border-top-right-radius:0px;border-bottom-right-radius:0px;border-bottom-left-radius:0px;}.kadence-column8808_4fb3e3-32 > .kt-inside-inner-col{column-gap:var(--global-kb-gap-sm, 1rem);}.kadence-column8808_4fb3e3-32 > .kt-inside-inner-col{flex-direction:column;}.kadence-column8808_4fb3e3-32 > .kt-inside-inner-col > .aligncenter{width:100%;}.kadence-column8808_4fb3e3-32 > .kt-inside-inner-col:before{opacity:0.3;}.kadence-column8808_4fb3e3-32{position:relative;}.kadence-column8808_4fb3e3-32, .kt-inside-inner-col > .kadence-column8808_4fb3e3-32:not(.specificity){margin-right:90px;margin-left:10px;}@media all and (max-width: 1024px){.kadence-column8808_4fb3e3-32 > .kt-inside-inner-col{padding-top:0px;padding-right:60px;padding-bottom:0px;padding-left:60px;flex-direction:column;justify-content:center;}}@media all and (max-width: 1024px){.kadence-column8808_4fb3e3-32, .kt-inside-inner-col > .kadence-column8808_4fb3e3-32:not(.specificity){margin-top:0px;margin-right:0px;margin-bottom:0px;margin-left:0px;}}@media all and (max-width: 767px){.kadence-column8808_4fb3e3-32 > .kt-inside-inner-col{padding-right:0px;padding-left:0px;flex-direction:column;justify-content:center;}.kadence-column8808_4fb3e3-32, .kt-inside-inner-col > .kadence-column8808_4fb3e3-32:not(.specificity){margin-right:0px;margin-left:0px;}}<\/style>\n<div class=\"wp-block-kadence-column kadence-column8808_4fb3e3-32 inner-column-1\"><div class=\"kt-inside-inner-col\"><\/div><\/div>\n\n\n<style>.kadence-column8808_bcea52-a1 > .kt-inside-inner-col,.kadence-column8808_bcea52-a1 > .kt-inside-inner-col:before{border-top-left-radius:0px;border-top-right-radius:0px;border-bottom-right-radius:0px;border-bottom-left-radius:0px;}.kadence-column8808_bcea52-a1 > .kt-inside-inner-col{column-gap:var(--global-kb-gap-sm, 1rem);}.kadence-column8808_bcea52-a1 > .kt-inside-inner-col{flex-direction:column;}.kadence-column8808_bcea52-a1 > .kt-inside-inner-col > .aligncenter{width:100%;}.kadence-column8808_bcea52-a1 > .kt-inside-inner-col:before{opacity:0.3;}.kadence-column8808_bcea52-a1{position:relative;}@media all and (max-width: 1024px){.kadence-column8808_bcea52-a1 > .kt-inside-inner-col{flex-direction:column;justify-content:center;}}@media all and (max-width: 767px){.kadence-column8808_bcea52-a1 > .kt-inside-inner-col{flex-direction:column;justify-content:center;}}<\/style>\n<div class=\"wp-block-kadence-column kadence-column8808_bcea52-a1 kvs-md-false kvs-sm-false inner-column-2\"><div class=\"kt-inside-inner-col\"><\/div><\/div>\n\n<\/div><\/div>\n\n<style>.kb-row-layout-id8808_b08f27-cd > .kt-row-column-wrap{align-content:start;}:where(.kb-row-layout-id8808_b08f27-cd > .kt-row-column-wrap) > .wp-block-kadence-column{justify-content:start;}.kb-row-layout-id8808_b08f27-cd > .kt-row-column-wrap{column-gap:var(--global-kb-gap-md, 2rem);row-gap:var(--global-kb-gap-md, 2rem);max-width:var( --global-content-width, 1290px );padding-left:var(--global-content-edge-padding);padding-right:var(--global-content-edge-padding);padding-top:60px;padding-right:20px;padding-bottom:80px;padding-left:20px;grid-template-columns:minmax(0, 1fr);}.kb-row-layout-id8808_b08f27-cd > .kt-row-layout-overlay{opacity:0.30;}@media all and (max-width: 1024px){.kb-row-layout-id8808_b08f27-cd > .kt-row-column-wrap{grid-template-columns:minmax(0, 1fr);}}@media all and (max-width: 767px){.kb-row-layout-id8808_b08f27-cd > .kt-row-column-wrap{grid-template-columns:minmax(0, 1fr);}}<\/style><div class=\"kb-row-layout-wrap kb-row-layout-id8808_b08f27-cd alignfull wp-block-kadence-rowlayout\"><div class=\"kt-row-column-wrap kt-has-1-columns kt-row-layout-equal kt-tab-layout-inherit kt-mobile-layout-row kt-row-valign-top kb-theme-content-width\">\n<style>.kadence-column8808_ca3420-b4 > .kt-inside-inner-col,.kadence-column8808_ca3420-b4 > .kt-inside-inner-col:before{border-top-left-radius:0px;border-top-right-radius:0px;border-bottom-right-radius:0px;border-bottom-left-radius:0px;}.kadence-column8808_ca3420-b4 > .kt-inside-inner-col{column-gap:var(--global-kb-gap-sm, 1rem);}.kadence-column8808_ca3420-b4 > .kt-inside-inner-col{flex-direction:column;}.kadence-column8808_ca3420-b4 > .kt-inside-inner-col > .aligncenter{width:100%;}.kadence-column8808_ca3420-b4 > .kt-inside-inner-col:before{opacity:0.3;}.kadence-column8808_ca3420-b4{position:relative;}@media all and (max-width: 1024px){.kadence-column8808_ca3420-b4 > .kt-inside-inner-col{flex-direction:column;justify-content:center;}}@media all and (max-width: 767px){.kadence-column8808_ca3420-b4 > .kt-inside-inner-col{flex-direction:column;justify-content:center;}}<\/style>\n<div class=\"wp-block-kadence-column kadence-column8808_ca3420-b4\"><div class=\"kt-inside-inner-col\"><style>.wp-block-kadence-advancedheading.kt-adv-heading8808_8180ee-8e, .wp-block-kadence-advancedheading.kt-adv-heading8808_8180ee-8e[data-kb-block=\"kb-adv-heading8808_8180ee-8e\"]{font-style:normal;}.wp-block-kadence-advancedheading.kt-adv-heading8808_8180ee-8e mark.kt-highlight, .wp-block-kadence-advancedheading.kt-adv-heading8808_8180ee-8e[data-kb-block=\"kb-adv-heading8808_8180ee-8e\"] mark.kt-highlight{font-style:normal;color:#f76a0c;-webkit-box-decoration-break:clone;box-decoration-break:clone;padding-top:0px;padding-right:0px;padding-bottom:0px;padding-left:0px;}.wp-block-kadence-advancedheading.kt-adv-heading8808_8180ee-8e img.kb-inline-image, .wp-block-kadence-advancedheading.kt-adv-heading8808_8180ee-8e[data-kb-block=\"kb-adv-heading8808_8180ee-8e\"] img.kb-inline-image{width:150px;vertical-align:baseline;}@media all and (max-width: 1024px){.wp-block-kadence-advancedheading.kt-adv-heading8808_8180ee-8e, .wp-block-kadence-advancedheading.kt-adv-heading8808_8180ee-8e[data-kb-block=\"kb-adv-heading8808_8180ee-8e\"]{text-align:left!important;}}<\/style>\n<h6 class=\"kt-adv-heading8808_8180ee-8e wp-block-kadence-advancedheading\" data-kb-block=\"kb-adv-heading8808_8180ee-8e\"><strong>Touristische Attraktionen<\/strong><\/h6>\n\n\n<style>.wp-block-kadence-advancedheading.kt-adv-heading8808_665ae7-05, .wp-block-kadence-advancedheading.kt-adv-heading8808_665ae7-05[data-kb-block=\"kb-adv-heading8808_665ae7-05\"]{margin-bottom:30px;font-style:normal;}.wp-block-kadence-advancedheading.kt-adv-heading8808_665ae7-05 mark.kt-highlight, .wp-block-kadence-advancedheading.kt-adv-heading8808_665ae7-05[data-kb-block=\"kb-adv-heading8808_665ae7-05\"] mark.kt-highlight{font-style:normal;color:#f76a0c;-webkit-box-decoration-break:clone;box-decoration-break:clone;padding-top:0px;padding-right:0px;padding-bottom:0px;padding-left:0px;}.wp-block-kadence-advancedheading.kt-adv-heading8808_665ae7-05 img.kb-inline-image, .wp-block-kadence-advancedheading.kt-adv-heading8808_665ae7-05[data-kb-block=\"kb-adv-heading8808_665ae7-05\"] img.kb-inline-image{width:150px;vertical-align:baseline;}@media all and (max-width: 1024px){.wp-block-kadence-advancedheading.kt-adv-heading8808_665ae7-05, .wp-block-kadence-advancedheading.kt-adv-heading8808_665ae7-05[data-kb-block=\"kb-adv-heading8808_665ae7-05\"]{text-align:left!important;}}@media all and (max-width: 767px){.wp-block-kadence-advancedheading.kt-adv-heading8808_665ae7-05, .wp-block-kadence-advancedheading.kt-adv-heading8808_665ae7-05[data-kb-block=\"kb-adv-heading8808_665ae7-05\"]{padding-top:0px;padding-right:0px;padding-bottom:0px;padding-left:0px;}}<\/style>\n<h1 class=\"kt-adv-heading8808_665ae7-05 wp-block-kadence-advancedheading\" data-kb-block=\"kb-adv-heading8808_665ae7-05\"><strong>Der Pulverturm<\/strong><\/h1>\n\n\n\n<p class=\"has--font-size wp-block-paragraph\">Der Pulverturm oder &#8222;Pulferturm&#8220; befindet sich auf einer gr\u00f6\u00dferen Wiesenfl\u00e4che in der N\u00e4he des Hauses Trate 6. Es handelt sich um ein kleines, steinernes, prismatisches Geb\u00e4ude mit vertikalen rechteckigen schmalen Lichtschlitzen und einem konkaven Gesims. Das Dach ist aus Ziegeln und pyramidenf\u00f6rmig. Das gemauerte Portal ist abgeflacht und endet in einem halbkreisf\u00f6rmigen Bogen. Die eisernen T\u00fcrfl\u00fcgel des Portals stammen aus der zweiten H\u00e4lfte des 18. Jahrhunderts. Nichts an dem Geb\u00e4ude bietet eine solide Grundlage f\u00fcr die Datierung des Turms. Der &#8222;Pulferturm&#8220; ist ein wichtiges Denkmal der ehemaligen Verteidigungsanlagen von Gornja Radgona, was sich in seiner Bauweise und einzelnen Details widerspiegelt.<\/p>\n<\/div><\/div>\n\n<\/div><\/div>","protected":false},"excerpt":{"rendered":"<p>Touristische Attraktionen Der Pulverturm Der Pulverturm oder &#8222;Pulferturm&#8220; befindet sich auf einer gr\u00f6\u00dferen Wiesenfl\u00e4che in der N\u00e4he des Hauses Trate 6. Es handelt sich um ein kleines, steinernes, prismatisches Geb\u00e4ude mit vertikalen rechteckigen schmalen Lichtschlitzen und einem konkaven Gesims. Das Dach ist aus Ziegeln und pyramidenf\u00f6rmig. Das gemauerte Portal ist abgeflacht und endet in einem&#8230;<\/p>\n","protected":false},"author":1,"featured_media":0,"parent":8866,"menu_order":0,"comment_status":"closed","ping_status":"closed","template":"","meta":{"_acf_changed":false,"_kad_blocks_custom_css":"","_kad_blocks_head_custom_js":"","_kad_blocks_body_custom_js":"","_kad_blocks_footer_custom_js":"","_kadence_starter_templates_imported_post":true,"_kad_post_transparent":"","_kad_post_title":"hide","_kad_post_layout":"fullwidth","_kad_post_sidebar_id":"","_kad_post_content_style":"unboxed","_kad_post_vertical_padding":"hide","_kad_post_feature":"hide","_kad_post_feature_position":"","_kad_post_header":false,"_kad_post_footer":false,"_kad_post_classname":"","footnotes":""},"class_list":["post-8808","page","type-page","status-publish","hentry"],"acf":[],"aioseo_notices":[],"aioseo_head":"\n\t\t<!-- All in One SEO 4.9.10 - aioseo.com -->\n\t<meta name=\"description\" content=\"Touristische Attraktionen Der Pulverturm Der Pulverturm oder &quot;Pulferturm&quot; befindet sich auf einer gr\u00f6\u00dferen Wiesenfl\u00e4che in der N\u00e4he des Hauses Trate 6. Es handelt sich um ein kleines, steinernes, prismatisches Geb\u00e4ude mit vertikalen rechteckigen schmalen Lichtschlitzen und einem konkaven Gesims. Das Dach ist aus Ziegeln und pyramidenf\u00f6rmig. Das gemauerte Portal ist abgeflacht und endet in einem\" \/>\n\t<meta name=\"robots\" content=\"max-image-preview:large\" \/>\n\t<link rel=\"canonical\" href=\"https:\/\/visitradgona.si\/de\/touristische-attraktionen\/der-pulverturm\/\" \/>\n\t<meta name=\"generator\" content=\"All in One SEO (AIOSEO) 4.9.10\" \/>\n\t\t<meta property=\"og:locale\" content=\"de_DE\" \/>\n\t\t<meta property=\"og:site_name\" content=\"Visit Radgona - Mesto sejmov in penine\" \/>\n\t\t<meta property=\"og:type\" content=\"article\" \/>\n\t\t<meta property=\"og:title\" content=\"Der Pulverturm - Visit Radgona\" \/>\n\t\t<meta property=\"og:description\" content=\"Touristische Attraktionen Der Pulverturm Der Pulverturm oder &quot;Pulferturm&quot; befindet sich auf einer gr\u00f6\u00dferen Wiesenfl\u00e4che in der N\u00e4he des Hauses Trate 6. Es handelt sich um ein kleines, steinernes, prismatisches Geb\u00e4ude mit vertikalen rechteckigen schmalen Lichtschlitzen und einem konkaven Gesims. Das Dach ist aus Ziegeln und pyramidenf\u00f6rmig. Das gemauerte Portal ist abgeflacht und endet in einem\" \/>\n\t\t<meta property=\"og:url\" content=\"https:\/\/visitradgona.si\/de\/touristische-attraktionen\/der-pulverturm\/\" \/>\n\t\t<meta property=\"og:image\" content=\"https:\/\/visitradgona.si\/wp-content\/uploads\/2024\/11\/Visit-Radgona-logo.png\" \/>\n\t\t<meta property=\"og:image:secure_url\" content=\"https:\/\/visitradgona.si\/wp-content\/uploads\/2024\/11\/Visit-Radgona-logo.png\" \/>\n\t\t<meta property=\"og:image:width\" content=\"400\" \/>\n\t\t<meta property=\"og:image:height\" content=\"120\" \/>\n\t\t<meta property=\"article:published_time\" content=\"2024-11-23T17:22:02+00:00\" \/>\n\t\t<meta property=\"article:modified_time\" content=\"2025-03-02T15:59:53+00:00\" \/>\n\t\t<meta property=\"article:publisher\" content=\"https:\/\/www.facebook.com\/VisitRadgona\/\" \/>\n\t\t<meta name=\"twitter:card\" content=\"summary_large_image\" \/>\n\t\t<meta name=\"twitter:title\" content=\"Der Pulverturm - Visit Radgona\" \/>\n\t\t<meta name=\"twitter:description\" content=\"Touristische Attraktionen Der Pulverturm Der Pulverturm oder &quot;Pulferturm&quot; befindet sich auf einer gr\u00f6\u00dferen Wiesenfl\u00e4che in der N\u00e4he des Hauses Trate 6. Es handelt sich um ein kleines, steinernes, prismatisches Geb\u00e4ude mit vertikalen rechteckigen schmalen Lichtschlitzen und einem konkaven Gesims. Das Dach ist aus Ziegeln und pyramidenf\u00f6rmig. Das gemauerte Portal ist abgeflacht und endet in einem\" \/>\n\t\t<meta name=\"twitter:image\" content=\"https:\/\/visitradgona.si\/wp-content\/uploads\/2024\/11\/Visit-Radgona-logo.png\" \/>\n\t\t<script type=\"application\/ld+json\" class=\"aioseo-schema\">\n\t\t\t{\"@context\":\"https:\\\/\\\/schema.org\",\"@graph\":[{\"@type\":\"BreadcrumbList\",\"@id\":\"https:\\\/\\\/visitradgona.si\\\/de\\\/touristische-attraktionen\\\/der-pulverturm\\\/#breadcrumblist\",\"itemListElement\":[{\"@type\":\"ListItem\",\"@id\":\"https:\\\/\\\/visitradgona.si\\\/de\\\/#listItem\",\"position\":1,\"name\":\"Home\",\"item\":\"https:\\\/\\\/visitradgona.si\\\/de\\\/\",\"nextItem\":{\"@type\":\"ListItem\",\"@id\":\"https:\\\/\\\/visitradgona.si\\\/de\\\/touristische-attraktionen\\\/#listItem\",\"name\":\"Touristische Attraktionen\"}},{\"@type\":\"ListItem\",\"@id\":\"https:\\\/\\\/visitradgona.si\\\/de\\\/touristische-attraktionen\\\/#listItem\",\"position\":2,\"name\":\"Touristische Attraktionen\",\"item\":\"https:\\\/\\\/visitradgona.si\\\/de\\\/touristische-attraktionen\\\/\",\"nextItem\":{\"@type\":\"ListItem\",\"@id\":\"https:\\\/\\\/visitradgona.si\\\/de\\\/touristische-attraktionen\\\/der-pulverturm\\\/#listItem\",\"name\":\"Der Pulverturm\"},\"previousItem\":{\"@type\":\"ListItem\",\"@id\":\"https:\\\/\\\/visitradgona.si\\\/de\\\/#listItem\",\"name\":\"Home\"}},{\"@type\":\"ListItem\",\"@id\":\"https:\\\/\\\/visitradgona.si\\\/de\\\/touristische-attraktionen\\\/der-pulverturm\\\/#listItem\",\"position\":3,\"name\":\"Der Pulverturm\",\"previousItem\":{\"@type\":\"ListItem\",\"@id\":\"https:\\\/\\\/visitradgona.si\\\/de\\\/touristische-attraktionen\\\/#listItem\",\"name\":\"Touristische Attraktionen\"}}]},{\"@type\":\"Organization\",\"@id\":\"https:\\\/\\\/visitradgona.si\\\/de\\\/#organization\",\"name\":\"Visit Radgona\",\"description\":\"Mesto sejmov in penine\",\"url\":\"https:\\\/\\\/visitradgona.si\\\/de\\\/\",\"logo\":{\"@type\":\"ImageObject\",\"url\":\"https:\\\/\\\/visitradgona.kiaora.si\\\/wp-content\\\/uploads\\\/2024\\\/11\\\/Visit-Radgona-logo.png\",\"@id\":\"https:\\\/\\\/visitradgona.si\\\/de\\\/touristische-attraktionen\\\/der-pulverturm\\\/#organizationLogo\"},\"image\":{\"@id\":\"https:\\\/\\\/visitradgona.si\\\/de\\\/touristische-attraktionen\\\/der-pulverturm\\\/#organizationLogo\"},\"sameAs\":[\"https:\\\/\\\/www.facebook.com\\\/VisitRadgona\\\/\",\"https:\\\/\\\/www.instagram.com\\\/visitradgona\\\/\",\"https:\\\/\\\/www.youtube.com\\\/@visitradgona\"]},{\"@type\":\"WebPage\",\"@id\":\"https:\\\/\\\/visitradgona.si\\\/de\\\/touristische-attraktionen\\\/der-pulverturm\\\/#webpage\",\"url\":\"https:\\\/\\\/visitradgona.si\\\/de\\\/touristische-attraktionen\\\/der-pulverturm\\\/\",\"name\":\"Der Pulverturm - Visit Radgona\",\"description\":\"Touristische Attraktionen Der Pulverturm Der Pulverturm oder \\\"Pulferturm\\\" befindet sich auf einer gr\\u00f6\\u00dferen Wiesenfl\\u00e4che in der N\\u00e4he des Hauses Trate 6. Es handelt sich um ein kleines, steinernes, prismatisches Geb\\u00e4ude mit vertikalen rechteckigen schmalen Lichtschlitzen und einem konkaven Gesims. Das Dach ist aus Ziegeln und pyramidenf\\u00f6rmig. Das gemauerte Portal ist abgeflacht und endet in einem\",\"inLanguage\":\"de-DE\",\"isPartOf\":{\"@id\":\"https:\\\/\\\/visitradgona.si\\\/de\\\/#website\"},\"breadcrumb\":{\"@id\":\"https:\\\/\\\/visitradgona.si\\\/de\\\/touristische-attraktionen\\\/der-pulverturm\\\/#breadcrumblist\"},\"datePublished\":\"2024-11-23T18:22:02+01:00\",\"dateModified\":\"2025-03-02T16:59:53+01:00\"},{\"@type\":\"WebSite\",\"@id\":\"https:\\\/\\\/visitradgona.si\\\/de\\\/#website\",\"url\":\"https:\\\/\\\/visitradgona.si\\\/de\\\/\",\"name\":\"Visit Radgona\",\"description\":\"Mesto sejmov in penine\",\"inLanguage\":\"de-DE\",\"publisher\":{\"@id\":\"https:\\\/\\\/visitradgona.si\\\/de\\\/#organization\"}}]}\n\t\t<\/script>\n\t\t<!-- All in One SEO -->\n\n","aioseo_head_json":{"title":"Der Pulverturm - Visit Radgona","description":"Touristische Attraktionen Der Pulverturm Der Pulverturm oder \"Pulferturm\" befindet sich auf einer gr\u00f6\u00dferen Wiesenfl\u00e4che in der N\u00e4he des Hauses Trate 6. Es handelt sich um ein kleines, steinernes, prismatisches Geb\u00e4ude mit vertikalen rechteckigen schmalen Lichtschlitzen und einem konkaven Gesims. Das Dach ist aus Ziegeln und pyramidenf\u00f6rmig. Das gemauerte Portal ist abgeflacht und endet in einem","canonical_url":"https:\/\/visitradgona.si\/de\/touristische-attraktionen\/der-pulverturm\/","robots":"max-image-preview:large","keywords":"","webmasterTools":{"miscellaneous":""},"schema":{"@context":"https:\/\/schema.org","@graph":[{"@type":"BreadcrumbList","@id":"https:\/\/visitradgona.si\/de\/touristische-attraktionen\/der-pulverturm\/#breadcrumblist","itemListElement":[{"@type":"ListItem","@id":"https:\/\/visitradgona.si\/de\/#listItem","position":1,"name":"Home","item":"https:\/\/visitradgona.si\/de\/","nextItem":{"@type":"ListItem","@id":"https:\/\/visitradgona.si\/de\/touristische-attraktionen\/#listItem","name":"Touristische Attraktionen"}},{"@type":"ListItem","@id":"https:\/\/visitradgona.si\/de\/touristische-attraktionen\/#listItem","position":2,"name":"Touristische Attraktionen","item":"https:\/\/visitradgona.si\/de\/touristische-attraktionen\/","nextItem":{"@type":"ListItem","@id":"https:\/\/visitradgona.si\/de\/touristische-attraktionen\/der-pulverturm\/#listItem","name":"Der Pulverturm"},"previousItem":{"@type":"ListItem","@id":"https:\/\/visitradgona.si\/de\/#listItem","name":"Home"}},{"@type":"ListItem","@id":"https:\/\/visitradgona.si\/de\/touristische-attraktionen\/der-pulverturm\/#listItem","position":3,"name":"Der Pulverturm","previousItem":{"@type":"ListItem","@id":"https:\/\/visitradgona.si\/de\/touristische-attraktionen\/#listItem","name":"Touristische Attraktionen"}}]},{"@type":"Organization","@id":"https:\/\/visitradgona.si\/de\/#organization","name":"Visit Radgona","description":"Mesto sejmov in penine","url":"https:\/\/visitradgona.si\/de\/","logo":{"@type":"ImageObject","url":"https:\/\/visitradgona.kiaora.si\/wp-content\/uploads\/2024\/11\/Visit-Radgona-logo.png","@id":"https:\/\/visitradgona.si\/de\/touristische-attraktionen\/der-pulverturm\/#organizationLogo"},"image":{"@id":"https:\/\/visitradgona.si\/de\/touristische-attraktionen\/der-pulverturm\/#organizationLogo"},"sameAs":["https:\/\/www.facebook.com\/VisitRadgona\/","https:\/\/www.instagram.com\/visitradgona\/","https:\/\/www.youtube.com\/@visitradgona"]},{"@type":"WebPage","@id":"https:\/\/visitradgona.si\/de\/touristische-attraktionen\/der-pulverturm\/#webpage","url":"https:\/\/visitradgona.si\/de\/touristische-attraktionen\/der-pulverturm\/","name":"Der Pulverturm - Visit Radgona","description":"Touristische Attraktionen Der Pulverturm Der Pulverturm oder \"Pulferturm\" befindet sich auf einer gr\u00f6\u00dferen Wiesenfl\u00e4che in der N\u00e4he des Hauses Trate 6. Es handelt sich um ein kleines, steinernes, prismatisches Geb\u00e4ude mit vertikalen rechteckigen schmalen Lichtschlitzen und einem konkaven Gesims. Das Dach ist aus Ziegeln und pyramidenf\u00f6rmig. Das gemauerte Portal ist abgeflacht und endet in einem","inLanguage":"de-DE","isPartOf":{"@id":"https:\/\/visitradgona.si\/de\/#website"},"breadcrumb":{"@id":"https:\/\/visitradgona.si\/de\/touristische-attraktionen\/der-pulverturm\/#breadcrumblist"},"datePublished":"2024-11-23T18:22:02+01:00","dateModified":"2025-03-02T16:59:53+01:00"},{"@type":"WebSite","@id":"https:\/\/visitradgona.si\/de\/#website","url":"https:\/\/visitradgona.si\/de\/","name":"Visit Radgona","description":"Mesto sejmov in penine","inLanguage":"de-DE","publisher":{"@id":"https:\/\/visitradgona.si\/de\/#organization"}}]},"og:locale":"de_DE","og:site_name":"Visit Radgona - Mesto sejmov in penine","og:type":"article","og:title":"Der Pulverturm - Visit Radgona","og:description":"Touristische Attraktionen Der Pulverturm Der Pulverturm oder &quot;Pulferturm&quot; befindet sich auf einer gr\u00f6\u00dferen Wiesenfl\u00e4che in der N\u00e4he des Hauses Trate 6. Es handelt sich um ein kleines, steinernes, prismatisches Geb\u00e4ude mit vertikalen rechteckigen schmalen Lichtschlitzen und einem konkaven Gesims. Das Dach ist aus Ziegeln und pyramidenf\u00f6rmig. Das gemauerte Portal ist abgeflacht und endet in einem","og:url":"https:\/\/visitradgona.si\/de\/touristische-attraktionen\/der-pulverturm\/","og:image":"https:\/\/visitradgona.si\/wp-content\/uploads\/2024\/11\/Visit-Radgona-logo.png","og:image:secure_url":"https:\/\/visitradgona.si\/wp-content\/uploads\/2024\/11\/Visit-Radgona-logo.png","og:image:width":400,"og:image:height":120,"article:published_time":"2024-11-23T17:22:02+00:00","article:modified_time":"2025-03-02T15:59:53+00:00","article:publisher":"https:\/\/www.facebook.com\/VisitRadgona\/","twitter:card":"summary_large_image","twitter:title":"Der Pulverturm - Visit Radgona","twitter:description":"Touristische Attraktionen Der Pulverturm Der Pulverturm oder &quot;Pulferturm&quot; befindet sich auf einer gr\u00f6\u00dferen Wiesenfl\u00e4che in der N\u00e4he des Hauses Trate 6. Es handelt sich um ein kleines, steinernes, prismatisches Geb\u00e4ude mit vertikalen rechteckigen schmalen Lichtschlitzen und einem konkaven Gesims. Das Dach ist aus Ziegeln und pyramidenf\u00f6rmig. Das gemauerte Portal ist abgeflacht und endet in einem","twitter:image":"https:\/\/visitradgona.si\/wp-content\/uploads\/2024\/11\/Visit-Radgona-logo.png"},"aioseo_meta_data":{"post_id":"8808","title":null,"description":null,"keywords":null,"keyphrases":{"focus":{"keyphrase":"","score":0,"analysis":{"keyphraseInTitle":{"score":0,"maxScore":9,"error":1}}},"additional":[]},"primary_term":null,"canonical_url":null,"og_title":null,"og_description":null,"og_object_type":"default","og_image_type":"default","og_image_url":null,"og_image_width":null,"og_image_height":null,"og_image_custom_url":null,"og_image_custom_fields":null,"og_video":"","og_custom_url":null,"og_article_section":null,"og_article_tags":null,"twitter_use_og":false,"twitter_card":"default","twitter_image_type":"default","twitter_image_url":null,"twitter_image_custom_url":null,"twitter_image_custom_fields":null,"twitter_title":null,"twitter_description":null,"schema":{"blockGraphs":[],"customGraphs":[],"default":{"data":{"Article":[],"Course":[],"Dataset":[],"FAQPage":[],"Movie":[],"Person":[],"Product":[],"ProductReview":[],"Car":[],"Recipe":[],"Service":[],"SoftwareApplication":[],"WebPage":[]},"graphName":"WebPage","isEnabled":true},"graphs":[]},"schema_type":"default","schema_type_options":null,"pillar_content":false,"robots_default":true,"robots_noindex":false,"robots_noarchive":false,"robots_nosnippet":false,"robots_nofollow":false,"robots_noimageindex":false,"robots_noodp":false,"robots_notranslate":false,"robots_max_snippet":"-1","robots_max_videopreview":"-1","robots_max_imagepreview":"large","priority":null,"frequency":"default","local_seo":null,"breadcrumb_settings":null,"limit_modified_date":false,"ai":null,"created":"2025-01-09 10:40:06","updated":"2025-07-11 09:21:41","seo_analyzer_scan_date":null},"aioseo_breadcrumb":"<div class=\"aioseo-breadcrumbs\"><span class=\"aioseo-breadcrumb\">\n\t\t\t<a href=\"https:\/\/visitradgona.si\/de\/\" title=\"Home\">Home<\/a>\n\t\t<\/span><span class=\"aioseo-breadcrumb-separator\">|<\/span><span class=\"aioseo-breadcrumb\">\n\t\t\t<a href=\"https:\/\/visitradgona.si\/de\/touristische-attraktionen\/\" title=\"Touristische Attraktionen\">Touristische Attraktionen<\/a>\n\t\t<\/span><span class=\"aioseo-breadcrumb-separator\">|<\/span><span class=\"aioseo-breadcrumb\">\n\t\t\tDer Pulverturm\n\t\t<\/span><\/div>","aioseo_breadcrumb_json":[{"label":"Home","link":"https:\/\/visitradgona.si\/de\/"},{"label":"Touristische Attraktionen","link":"https:\/\/visitradgona.si\/de\/touristische-attraktionen\/"},{"label":"Der Pulverturm","link":"https:\/\/visitradgona.si\/de\/touristische-attraktionen\/der-pulverturm\/"}],"taxonomy_info":[],"featured_image_src_large":false,"author_info":{"display_name":"Miha Borec","author_link":"https:\/\/visitradgona.si\/de\/author\/miha-borec\/"},"comment_info":0,"_links":{"self":[{"href":"https:\/\/visitradgona.si\/de\/wp-json\/wp\/v2\/pages\/8808","targetHints":{"allow":["GET"]}}],"collection":[{"href":"https:\/\/visitradgona.si\/de\/wp-json\/wp\/v2\/pages"}],"about":[{"href":"https:\/\/visitradgona.si\/de\/wp-json\/wp\/v2\/types\/page"}],"author":[{"embeddable":true,"href":"https:\/\/visitradgona.si\/de\/wp-json\/wp\/v2\/users\/1"}],"replies":[{"embeddable":true,"href":"https:\/\/visitradgona.si\/de\/wp-json\/wp\/v2\/comments?post=8808"}],"version-history":[{"count":0,"href":"https:\/\/visitradgona.si\/de\/wp-json\/wp\/v2\/pages\/8808\/revisions"}],"up":[{"embeddable":true,"href":"https:\/\/visitradgona.si\/de\/wp-json\/wp\/v2\/pages\/8866"}],"wp:attachment":[{"href":"https:\/\/visitradgona.si\/de\/wp-json\/wp\/v2\/media?parent=8808"}],"curies":[{"name":"wp","href":"https:\/\/api.w.org\/{rel}","templated":true}]}}