{"id":14523,"date":"2025-05-06T11:11:56","date_gmt":"2025-05-06T09:11:56","guid":{"rendered":"https:\/\/visitradgona.si\/?post_type=novica&#038;p=14523"},"modified":"2025-05-06T16:36:49","modified_gmt":"2025-05-06T14:36:49","slug":"natecaj-za-vizualno-podobo-mreze-mama","status":"publish","type":"novica","link":"https:\/\/visitradgona.si\/de\/novica\/natecaj-za-vizualno-podobo-mreze-mama\/","title":{"rendered":"Nate\u010daj za vizualno podobo ob 20. obletnici Mre\u017ee MaMa"},"excerpt":{"rendered":"<p>Mladinska mre\u017ea MaMa ob 20. obletnici pripravlja dogodke in kampanjo, ki poudarjajo vlogo mladinskih centrov kot varnih prostorov za razvoj mladih. Mladi med 15. in 29. letom lahko do 16. maja 2025 sodelujejo v nate\u010daju za oblikovanje vizualne podobe in se potegujejo za nagrado 300 \u20ac.<\/p>\n","protected":false},"author":6,"featured_media":0,"menu_order":0,"template":"","meta":{"_acf_changed":false,"_kad_blocks_custom_css":"","_kad_blocks_head_custom_js":"","_kad_blocks_body_custom_js":"","_kad_blocks_footer_custom_js":"","_kadence_starter_templates_imported_post":false,"_kad_post_transparent":"default","_kad_post_title":"default","_kad_post_layout":"default","_kad_post_sidebar_id":"","_kad_post_content_style":"default","_kad_post_vertical_padding":"default","_kad_post_feature":"","_kad_post_feature_position":"","_kad_post_header":false,"_kad_post_footer":false,"_kad_post_classname":""},"avtor":[98],"leto-novice":[148],"mesec-novice":[139],"class_list":["post-14523","novica","type-novica","status-publish","hentry","avtor-mladinski-center-gornja-radgona","leto-novice-148","mesec-novice-maj"],"acf":[],"aioseo_notices":[],"aioseo_head":"\n\t\t<!-- All in One SEO 4.9.10 - aioseo.com -->\n\t<meta name=\"description\" content=\"Mladinska mre\u017ea MaMa ob 20. obletnici pripravlja dogodke in kampanjo, ki poudarjajo vlogo mladinskih centrov kot varnih prostorov za razvoj mladih. Mladi med 15. in 29. letom lahko do 16. maja 2025 sodelujejo v nate\u010daju za oblikovanje vizualne podobe in se potegujejo za nagrado 300 \u20ac.\" \/>\n\t<meta name=\"robots\" content=\"max-image-preview:large\" \/>\n\t<meta name=\"author\" content=\"Mladinski center Gornja Radgona\"\/>\n\t<link rel=\"canonical\" href=\"https:\/\/visitradgona.si\/de\/novica\/natecaj-za-vizualno-podobo-mreze-mama\/\" \/>\n\t<meta name=\"generator\" content=\"All in One SEO (AIOSEO) 4.9.10\" \/>\n\t\t<meta property=\"og:locale\" content=\"de_DE\" \/>\n\t\t<meta property=\"og:site_name\" content=\"Visit Radgona - Mesto sejmov in penine\" \/>\n\t\t<meta property=\"og:type\" content=\"article\" \/>\n\t\t<meta property=\"og:title\" content=\"Nate\u010daj za vizualno podobo ob 20. obletnici Mre\u017ee MaMa - Visit Radgona\" \/>\n\t\t<meta property=\"og:description\" content=\"Mladinska mre\u017ea MaMa ob 20. obletnici pripravlja dogodke in kampanjo, ki poudarjajo vlogo mladinskih centrov kot varnih prostorov za razvoj mladih. Mladi med 15. in 29. letom lahko do 16. maja 2025 sodelujejo v nate\u010daju za oblikovanje vizualne podobe in se potegujejo za nagrado 300 \u20ac.\" \/>\n\t\t<meta property=\"og:url\" content=\"https:\/\/visitradgona.si\/de\/novica\/natecaj-za-vizualno-podobo-mreze-mama\/\" \/>\n\t\t<meta property=\"og:image\" content=\"https:\/\/visitradgona.si\/wp-content\/uploads\/2024\/11\/Visit-Radgona-logo.png\" \/>\n\t\t<meta property=\"og:image:secure_url\" content=\"https:\/\/visitradgona.si\/wp-content\/uploads\/2024\/11\/Visit-Radgona-logo.png\" \/>\n\t\t<meta property=\"og:image:width\" content=\"400\" \/>\n\t\t<meta property=\"og:image:height\" content=\"120\" \/>\n\t\t<meta property=\"article:published_time\" content=\"2025-05-06T09:11:56+00:00\" \/>\n\t\t<meta property=\"article:modified_time\" content=\"2025-05-06T14:36:49+00:00\" \/>\n\t\t<meta property=\"article:publisher\" content=\"https:\/\/www.facebook.com\/VisitRadgona\/\" \/>\n\t\t<meta name=\"twitter:card\" content=\"summary_large_image\" \/>\n\t\t<meta name=\"twitter:title\" content=\"Nate\u010daj za vizualno podobo ob 20. obletnici Mre\u017ee MaMa - Visit Radgona\" \/>\n\t\t<meta name=\"twitter:description\" content=\"Mladinska mre\u017ea MaMa ob 20. obletnici pripravlja dogodke in kampanjo, ki poudarjajo vlogo mladinskih centrov kot varnih prostorov za razvoj mladih. Mladi med 15. in 29. letom lahko do 16. maja 2025 sodelujejo v nate\u010daju za oblikovanje vizualne podobe in se potegujejo za nagrado 300 \u20ac.\" \/>\n\t\t<meta name=\"twitter:image\" content=\"https:\/\/visitradgona.si\/wp-content\/uploads\/2024\/11\/Visit-Radgona-logo.png\" \/>\n\t\t<script type=\"application\/ld+json\" class=\"aioseo-schema\">\n\t\t\t{\"@context\":\"https:\\\/\\\/schema.org\",\"@graph\":[{\"@type\":\"BreadcrumbList\",\"@id\":\"https:\\\/\\\/visitradgona.si\\\/de\\\/novica\\\/natecaj-za-vizualno-podobo-mreze-mama\\\/#breadcrumblist\",\"itemListElement\":[{\"@type\":\"ListItem\",\"@id\":\"https:\\\/\\\/visitradgona.si\\\/de\\\/#listItem\",\"position\":1,\"name\":\"Home\",\"item\":\"https:\\\/\\\/visitradgona.si\\\/de\\\/\",\"nextItem\":{\"@type\":\"ListItem\",\"@id\":\"https:\\\/\\\/visitradgona.si\\\/de\\\/avtor\\\/mladinski-center-gornja-radgona\\\/#listItem\",\"name\":\"Mladinski center Gornja Radgona\"}},{\"@type\":\"ListItem\",\"@id\":\"https:\\\/\\\/visitradgona.si\\\/de\\\/avtor\\\/mladinski-center-gornja-radgona\\\/#listItem\",\"position\":2,\"name\":\"Mladinski center Gornja Radgona\",\"item\":\"https:\\\/\\\/visitradgona.si\\\/de\\\/avtor\\\/mladinski-center-gornja-radgona\\\/\",\"nextItem\":{\"@type\":\"ListItem\",\"@id\":\"https:\\\/\\\/visitradgona.si\\\/de\\\/novica\\\/natecaj-za-vizualno-podobo-mreze-mama\\\/#listItem\",\"name\":\"Nate\\u010daj za vizualno podobo ob 20. obletnici Mre\\u017ee MaMa\"},\"previousItem\":{\"@type\":\"ListItem\",\"@id\":\"https:\\\/\\\/visitradgona.si\\\/de\\\/#listItem\",\"name\":\"Home\"}},{\"@type\":\"ListItem\",\"@id\":\"https:\\\/\\\/visitradgona.si\\\/de\\\/novica\\\/natecaj-za-vizualno-podobo-mreze-mama\\\/#listItem\",\"position\":3,\"name\":\"Nate\\u010daj za vizualno podobo ob 20. obletnici Mre\\u017ee MaMa\",\"previousItem\":{\"@type\":\"ListItem\",\"@id\":\"https:\\\/\\\/visitradgona.si\\\/de\\\/avtor\\\/mladinski-center-gornja-radgona\\\/#listItem\",\"name\":\"Mladinski center Gornja Radgona\"}}]},{\"@type\":\"Organization\",\"@id\":\"https:\\\/\\\/visitradgona.si\\\/de\\\/#organization\",\"name\":\"Visit Radgona\",\"description\":\"Mesto sejmov in penine\",\"url\":\"https:\\\/\\\/visitradgona.si\\\/de\\\/\",\"logo\":{\"@type\":\"ImageObject\",\"url\":\"https:\\\/\\\/visitradgona.kiaora.si\\\/wp-content\\\/uploads\\\/2024\\\/11\\\/Visit-Radgona-logo.png\",\"@id\":\"https:\\\/\\\/visitradgona.si\\\/de\\\/novica\\\/natecaj-za-vizualno-podobo-mreze-mama\\\/#organizationLogo\"},\"image\":{\"@id\":\"https:\\\/\\\/visitradgona.si\\\/de\\\/novica\\\/natecaj-za-vizualno-podobo-mreze-mama\\\/#organizationLogo\"},\"sameAs\":[\"https:\\\/\\\/www.facebook.com\\\/VisitRadgona\\\/\",\"https:\\\/\\\/www.instagram.com\\\/visitradgona\\\/\",\"https:\\\/\\\/www.youtube.com\\\/@visitradgona\"]},{\"@type\":\"Person\",\"@id\":\"https:\\\/\\\/visitradgona.si\\\/de\\\/author\\\/mladinski-center-gornja-radgona\\\/#author\",\"url\":\"https:\\\/\\\/visitradgona.si\\\/de\\\/author\\\/mladinski-center-gornja-radgona\\\/\",\"name\":\"Mladinski center Gornja Radgona\",\"image\":{\"@type\":\"ImageObject\",\"@id\":\"https:\\\/\\\/visitradgona.si\\\/de\\\/novica\\\/natecaj-za-vizualno-podobo-mreze-mama\\\/#authorImage\",\"url\":\"https:\\\/\\\/visitradgona.si\\\/wp-content\\\/litespeed\\\/avatar\\\/b338960935ec3694496d4cc14db0e1bc.jpg?ver=1788406308\",\"width\":96,\"height\":96,\"caption\":\"Mladinski center Gornja Radgona\"}},{\"@type\":\"WebPage\",\"@id\":\"https:\\\/\\\/visitradgona.si\\\/de\\\/novica\\\/natecaj-za-vizualno-podobo-mreze-mama\\\/#webpage\",\"url\":\"https:\\\/\\\/visitradgona.si\\\/de\\\/novica\\\/natecaj-za-vizualno-podobo-mreze-mama\\\/\",\"name\":\"Nate\\u010daj za vizualno podobo ob 20. obletnici Mre\\u017ee MaMa - Visit Radgona\",\"description\":\"Mladinska mre\\u017ea MaMa ob 20. obletnici pripravlja dogodke in kampanjo, ki poudarjajo vlogo mladinskih centrov kot varnih prostorov za razvoj mladih. Mladi med 15. in 29. letom lahko do 16. maja 2025 sodelujejo v nate\\u010daju za oblikovanje vizualne podobe in se potegujejo za nagrado 300 \\u20ac.\",\"inLanguage\":\"de-DE\",\"isPartOf\":{\"@id\":\"https:\\\/\\\/visitradgona.si\\\/de\\\/#website\"},\"breadcrumb\":{\"@id\":\"https:\\\/\\\/visitradgona.si\\\/de\\\/novica\\\/natecaj-za-vizualno-podobo-mreze-mama\\\/#breadcrumblist\"},\"author\":{\"@id\":\"https:\\\/\\\/visitradgona.si\\\/de\\\/author\\\/mladinski-center-gornja-radgona\\\/#author\"},\"creator\":{\"@id\":\"https:\\\/\\\/visitradgona.si\\\/de\\\/author\\\/mladinski-center-gornja-radgona\\\/#author\"},\"datePublished\":\"2025-05-06T11:11:56+02:00\",\"dateModified\":\"2025-05-06T16:36:49+02:00\"},{\"@type\":\"WebSite\",\"@id\":\"https:\\\/\\\/visitradgona.si\\\/de\\\/#website\",\"url\":\"https:\\\/\\\/visitradgona.si\\\/de\\\/\",\"name\":\"Visit Radgona\",\"description\":\"Mesto sejmov in penine\",\"inLanguage\":\"de-DE\",\"publisher\":{\"@id\":\"https:\\\/\\\/visitradgona.si\\\/de\\\/#organization\"}}]}\n\t\t<\/script>\n\t\t<!-- All in One SEO -->\n\n","aioseo_head_json":{"title":"Nate\u010daj za vizualno podobo ob 20. obletnici Mre\u017ee MaMa - Visit Radgona","description":"Mladinska mre\u017ea MaMa ob 20. obletnici pripravlja dogodke in kampanjo, ki poudarjajo vlogo mladinskih centrov kot varnih prostorov za razvoj mladih. Mladi med 15. in 29. letom lahko do 16. maja 2025 sodelujejo v nate\u010daju za oblikovanje vizualne podobe in se potegujejo za nagrado 300 \u20ac.","canonical_url":"https:\/\/visitradgona.si\/de\/novica\/natecaj-za-vizualno-podobo-mreze-mama\/","robots":"max-image-preview:large","keywords":"","webmasterTools":{"miscellaneous":""},"schema":{"@context":"https:\/\/schema.org","@graph":[{"@type":"BreadcrumbList","@id":"https:\/\/visitradgona.si\/de\/novica\/natecaj-za-vizualno-podobo-mreze-mama\/#breadcrumblist","itemListElement":[{"@type":"ListItem","@id":"https:\/\/visitradgona.si\/de\/#listItem","position":1,"name":"Home","item":"https:\/\/visitradgona.si\/de\/","nextItem":{"@type":"ListItem","@id":"https:\/\/visitradgona.si\/de\/avtor\/mladinski-center-gornja-radgona\/#listItem","name":"Mladinski center Gornja Radgona"}},{"@type":"ListItem","@id":"https:\/\/visitradgona.si\/de\/avtor\/mladinski-center-gornja-radgona\/#listItem","position":2,"name":"Mladinski center Gornja Radgona","item":"https:\/\/visitradgona.si\/de\/avtor\/mladinski-center-gornja-radgona\/","nextItem":{"@type":"ListItem","@id":"https:\/\/visitradgona.si\/de\/novica\/natecaj-za-vizualno-podobo-mreze-mama\/#listItem","name":"Nate\u010daj za vizualno podobo ob 20. obletnici Mre\u017ee MaMa"},"previousItem":{"@type":"ListItem","@id":"https:\/\/visitradgona.si\/de\/#listItem","name":"Home"}},{"@type":"ListItem","@id":"https:\/\/visitradgona.si\/de\/novica\/natecaj-za-vizualno-podobo-mreze-mama\/#listItem","position":3,"name":"Nate\u010daj za vizualno podobo ob 20. obletnici Mre\u017ee MaMa","previousItem":{"@type":"ListItem","@id":"https:\/\/visitradgona.si\/de\/avtor\/mladinski-center-gornja-radgona\/#listItem","name":"Mladinski center Gornja Radgona"}}]},{"@type":"Organization","@id":"https:\/\/visitradgona.si\/de\/#organization","name":"Visit Radgona","description":"Mesto sejmov in penine","url":"https:\/\/visitradgona.si\/de\/","logo":{"@type":"ImageObject","url":"https:\/\/visitradgona.kiaora.si\/wp-content\/uploads\/2024\/11\/Visit-Radgona-logo.png","@id":"https:\/\/visitradgona.si\/de\/novica\/natecaj-za-vizualno-podobo-mreze-mama\/#organizationLogo"},"image":{"@id":"https:\/\/visitradgona.si\/de\/novica\/natecaj-za-vizualno-podobo-mreze-mama\/#organizationLogo"},"sameAs":["https:\/\/www.facebook.com\/VisitRadgona\/","https:\/\/www.instagram.com\/visitradgona\/","https:\/\/www.youtube.com\/@visitradgona"]},{"@type":"Person","@id":"https:\/\/visitradgona.si\/de\/author\/mladinski-center-gornja-radgona\/#author","url":"https:\/\/visitradgona.si\/de\/author\/mladinski-center-gornja-radgona\/","name":"Mladinski center Gornja Radgona","image":{"@type":"ImageObject","@id":"https:\/\/visitradgona.si\/de\/novica\/natecaj-za-vizualno-podobo-mreze-mama\/#authorImage","url":"https:\/\/visitradgona.si\/wp-content\/litespeed\/avatar\/b338960935ec3694496d4cc14db0e1bc.jpg?ver=1788406308","width":96,"height":96,"caption":"Mladinski center Gornja Radgona"}},{"@type":"WebPage","@id":"https:\/\/visitradgona.si\/de\/novica\/natecaj-za-vizualno-podobo-mreze-mama\/#webpage","url":"https:\/\/visitradgona.si\/de\/novica\/natecaj-za-vizualno-podobo-mreze-mama\/","name":"Nate\u010daj za vizualno podobo ob 20. obletnici Mre\u017ee MaMa - Visit Radgona","description":"Mladinska mre\u017ea MaMa ob 20. obletnici pripravlja dogodke in kampanjo, ki poudarjajo vlogo mladinskih centrov kot varnih prostorov za razvoj mladih. Mladi med 15. in 29. letom lahko do 16. maja 2025 sodelujejo v nate\u010daju za oblikovanje vizualne podobe in se potegujejo za nagrado 300 \u20ac.","inLanguage":"de-DE","isPartOf":{"@id":"https:\/\/visitradgona.si\/de\/#website"},"breadcrumb":{"@id":"https:\/\/visitradgona.si\/de\/novica\/natecaj-za-vizualno-podobo-mreze-mama\/#breadcrumblist"},"author":{"@id":"https:\/\/visitradgona.si\/de\/author\/mladinski-center-gornja-radgona\/#author"},"creator":{"@id":"https:\/\/visitradgona.si\/de\/author\/mladinski-center-gornja-radgona\/#author"},"datePublished":"2025-05-06T11:11:56+02:00","dateModified":"2025-05-06T16:36:49+02:00"},{"@type":"WebSite","@id":"https:\/\/visitradgona.si\/de\/#website","url":"https:\/\/visitradgona.si\/de\/","name":"Visit Radgona","description":"Mesto sejmov in penine","inLanguage":"de-DE","publisher":{"@id":"https:\/\/visitradgona.si\/de\/#organization"}}]},"og:locale":"de_DE","og:site_name":"Visit Radgona - Mesto sejmov in penine","og:type":"article","og:title":"Nate\u010daj za vizualno podobo ob 20. obletnici Mre\u017ee MaMa - Visit Radgona","og:description":"Mladinska mre\u017ea MaMa ob 20. obletnici pripravlja dogodke in kampanjo, ki poudarjajo vlogo mladinskih centrov kot varnih prostorov za razvoj mladih. Mladi med 15. in 29. letom lahko do 16. maja 2025 sodelujejo v nate\u010daju za oblikovanje vizualne podobe in se potegujejo za nagrado 300 \u20ac.","og:url":"https:\/\/visitradgona.si\/de\/novica\/natecaj-za-vizualno-podobo-mreze-mama\/","og:image":"https:\/\/visitradgona.si\/wp-content\/uploads\/2024\/11\/Visit-Radgona-logo.png","og:image:secure_url":"https:\/\/visitradgona.si\/wp-content\/uploads\/2024\/11\/Visit-Radgona-logo.png","og:image:width":400,"og:image:height":120,"article:published_time":"2025-05-06T09:11:56+00:00","article:modified_time":"2025-05-06T14:36:49+00:00","article:publisher":"https:\/\/www.facebook.com\/VisitRadgona\/","twitter:card":"summary_large_image","twitter:title":"Nate\u010daj za vizualno podobo ob 20. obletnici Mre\u017ee MaMa - Visit Radgona","twitter:description":"Mladinska mre\u017ea MaMa ob 20. obletnici pripravlja dogodke in kampanjo, ki poudarjajo vlogo mladinskih centrov kot varnih prostorov za razvoj mladih. Mladi med 15. in 29. letom lahko do 16. maja 2025 sodelujejo v nate\u010daju za oblikovanje vizualne podobe in se potegujejo za nagrado 300 \u20ac.","twitter:image":"https:\/\/visitradgona.si\/wp-content\/uploads\/2024\/11\/Visit-Radgona-logo.png"},"aioseo_meta_data":{"post_id":"14523","title":null,"description":null,"keywords":null,"keyphrases":{"focus":{"keyphrase":"Nate\u010daj za vizualno podobo ob 20. obletnici Mre\u017ee MaMa","score":50,"analysis":{"keyphraseInTitle":{"score":9,"maxScore":9,"error":0},"keyphraseInDescription":{"score":3,"maxScore":9,"error":1},"keyphraseLength":{"score":3,"maxScore":9,"error":1,"length":11},"keyphraseInURL":{"score":1,"maxScore":5,"error":1}}},"additional":[]},"primary_term":null,"canonical_url":null,"og_title":null,"og_description":null,"og_object_type":"default","og_image_type":"default","og_image_url":null,"og_image_width":null,"og_image_height":null,"og_image_custom_url":null,"og_image_custom_fields":null,"og_video":"","og_custom_url":null,"og_article_section":null,"og_article_tags":null,"twitter_use_og":false,"twitter_card":"default","twitter_image_type":"default","twitter_image_url":null,"twitter_image_custom_url":null,"twitter_image_custom_fields":null,"twitter_title":null,"twitter_description":null,"schema":{"blockGraphs":[],"customGraphs":[],"default":{"data":{"Article":[],"Course":[],"Dataset":[],"FAQPage":[],"Movie":[],"Person":[],"Product":[],"ProductReview":[],"Car":[],"Recipe":[],"Service":[],"SoftwareApplication":[],"WebPage":[]},"graphName":"WebPage","isEnabled":true},"graphs":[]},"schema_type":"default","schema_type_options":null,"pillar_content":false,"robots_default":true,"robots_noindex":false,"robots_noarchive":false,"robots_nosnippet":false,"robots_nofollow":false,"robots_noimageindex":false,"robots_noodp":false,"robots_notranslate":false,"robots_max_snippet":"-1","robots_max_videopreview":"-1","robots_max_imagepreview":"large","priority":null,"frequency":"default","local_seo":null,"breadcrumb_settings":null,"limit_modified_date":false,"ai":null,"created":"2025-05-06 09:11:56","updated":"2025-07-10 06:36:02","seo_analyzer_scan_date":null},"aioseo_breadcrumb":"<div class=\"aioseo-breadcrumbs\"><span class=\"aioseo-breadcrumb\">\n\t\t\t<a href=\"https:\/\/visitradgona.si\/de\/\" title=\"Home\">Home<\/a>\n\t\t<\/span><span class=\"aioseo-breadcrumb-separator\">|<\/span><span class=\"aioseo-breadcrumb\">\n\t\t\t<a href=\"https:\/\/visitradgona.si\/de\/avtor\/mladinski-center-gornja-radgona\/\" title=\"Mladinski center Gornja Radgona\">Mladinski center Gornja Radgona<\/a>\n\t\t<\/span><span class=\"aioseo-breadcrumb-separator\">|<\/span><span class=\"aioseo-breadcrumb\">\n\t\t\tNate\u010daj za vizualno podobo ob 20. obletnici Mre\u017ee MaMa\n\t\t<\/span><\/div>","aioseo_breadcrumb_json":[{"label":"Home","link":"https:\/\/visitradgona.si\/de\/"},{"label":"Mladinski center Gornja Radgona","link":"https:\/\/visitradgona.si\/de\/avtor\/mladinski-center-gornja-radgona\/"},{"label":"Nate\u010daj za vizualno podobo ob 20. obletnici Mre\u017ee MaMa","link":"https:\/\/visitradgona.si\/de\/novica\/natecaj-za-vizualno-podobo-mreze-mama\/"}],"taxonomy_info":{"avtor":[{"value":98,"label":"Mladinski center Gornja Radgona"}],"leto-novice":[{"value":148,"label":"2025"}],"mesec-novice":[{"value":139,"label":"Maj"}]},"featured_image_src_large":false,"author_info":{"display_name":"Mladinski center Gornja Radgona","author_link":"https:\/\/visitradgona.si\/de\/author\/mladinski-center-gornja-radgona\/"},"comment_info":"","_links":{"self":[{"href":"https:\/\/visitradgona.si\/de\/wp-json\/wp\/v2\/novica\/14523","targetHints":{"allow":["GET"]}}],"collection":[{"href":"https:\/\/visitradgona.si\/de\/wp-json\/wp\/v2\/novica"}],"about":[{"href":"https:\/\/visitradgona.si\/de\/wp-json\/wp\/v2\/types\/novica"}],"author":[{"embeddable":true,"href":"https:\/\/visitradgona.si\/de\/wp-json\/wp\/v2\/users\/6"}],"version-history":[{"count":0,"href":"https:\/\/visitradgona.si\/de\/wp-json\/wp\/v2\/novica\/14523\/revisions"}],"wp:attachment":[{"href":"https:\/\/visitradgona.si\/de\/wp-json\/wp\/v2\/media?parent=14523"}],"wp:term":[{"taxonomy":"avtor","embeddable":true,"href":"https:\/\/visitradgona.si\/de\/wp-json\/wp\/v2\/avtor?post=14523"},{"taxonomy":"leto-novice","embeddable":true,"href":"https:\/\/visitradgona.si\/de\/wp-json\/wp\/v2\/leto-novice?post=14523"},{"taxonomy":"mesec-novice","embeddable":true,"href":"https:\/\/visitradgona.si\/de\/wp-json\/wp\/v2\/mesec-novice?post=14523"}],"curies":[{"name":"wp","href":"https:\/\/api.w.org\/{rel}","templated":true}]}}