{"id":13150,"date":"2025-04-25T08:45:19","date_gmt":"2025-04-25T06:45:19","guid":{"rendered":"https:\/\/visitradgona.si\/?post_type=novica&#038;p=13150"},"modified":"2025-05-06T16:25:11","modified_gmt":"2025-05-06T14:25:11","slug":"dan-zemlje-v-lisjakovi-strugi-2025","status":"publish","type":"novica","link":"https:\/\/visitradgona.si\/de\/novica\/dan-zemlje-v-lisjakovi-strugi-2025\/","title":{"rendered":"Dan Zemlje v Lisjakovi strugi 2025"},"excerpt":{"rendered":"<p>Na son\u010dno aprilsko jutro, v torek, 22.4.2025, je Lisjakova struga za\u017eivela kot naravni u\u010dni poligon in prostor skupnosti, kjer smo ob dnevu Zemlje skupaj z otroki, mentorji, strokovnjaki in sr\u010dnimi prostovoljci slavili na\u0161 planet. V objemu ribnikov, dreves in pti\u010djega petja smo odprli vrata naravi in prisluhnili njenemu tihemu, a odlo\u010dnemu sporo\u010dilu \u2013 da jo varujemo, spo\u0161tujemo in se od nje u\u010dimo.<\/p>\n","protected":false},"author":6,"featured_media":13193,"menu_order":0,"template":"","meta":{"_acf_changed":false,"_kad_blocks_custom_css":"","_kad_blocks_head_custom_js":"","_kad_blocks_body_custom_js":"","_kad_blocks_footer_custom_js":"","_kadence_starter_templates_imported_post":false,"_kad_post_transparent":"default","_kad_post_title":"default","_kad_post_layout":"default","_kad_post_sidebar_id":"","_kad_post_content_style":"default","_kad_post_vertical_padding":"default","_kad_post_feature":"","_kad_post_feature_position":"","_kad_post_header":false,"_kad_post_footer":false,"_kad_post_classname":""},"avtor":[98],"leto-novice":[148],"mesec-novice":[138],"class_list":["post-13150","novica","type-novica","status-publish","has-post-thumbnail","hentry","avtor-mladinski-center-gornja-radgona","leto-novice-148","mesec-novice-april"],"acf":[],"aioseo_notices":[],"aioseo_head":"\n\t\t<!-- All in One SEO 4.9.10 - aioseo.com -->\n\t<meta name=\"description\" content=\"Na son\u010dno aprilsko jutro, v torek, 22.4.2025, je Lisjakova struga za\u017eivela kot naravni u\u010dni poligon in prostor skupnosti, kjer smo ob dnevu Zemlje skupaj z otroki, mentorji, strokovnjaki in sr\u010dnimi prostovoljci slavili na\u0161 planet. V objemu ribnikov, dreves in pti\u010djega petja smo odprli vrata naravi in prisluhnili njenemu tihemu, a odlo\u010dnemu sporo\u010dilu \u2013 da jo varujemo, spo\u0161tujemo in se od nje u\u010dimo. Dan Zemlje v Lisjakovi strugi 2025\" \/>\n\t<meta name=\"robots\" content=\"max-image-preview:large\" \/>\n\t<meta name=\"author\" content=\"Mladinski center Gornja Radgona\"\/>\n\t<link rel=\"canonical\" href=\"https:\/\/visitradgona.si\/de\/novica\/dan-zemlje-v-lisjakovi-strugi-2025\/\" \/>\n\t<meta name=\"generator\" content=\"All in One SEO (AIOSEO) 4.9.10\" \/>\n\t\t<meta property=\"og:locale\" content=\"de_DE\" \/>\n\t\t<meta property=\"og:site_name\" content=\"Visit Radgona - Mesto sejmov in penine\" \/>\n\t\t<meta property=\"og:type\" content=\"article\" \/>\n\t\t<meta property=\"og:title\" content=\"Dan Zemlje v Lisjakovi strugi 2025 - Visit Radgona\" \/>\n\t\t<meta property=\"og:description\" content=\"Na son\u010dno aprilsko jutro, v torek, 22.4.2025, je Lisjakova struga za\u017eivela kot naravni u\u010dni poligon in prostor skupnosti, kjer smo ob dnevu Zemlje skupaj z otroki, mentorji, strokovnjaki in sr\u010dnimi prostovoljci slavili na\u0161 planet. V objemu ribnikov, dreves in pti\u010djega petja smo odprli vrata naravi in prisluhnili njenemu tihemu, a odlo\u010dnemu sporo\u010dilu \u2013 da jo varujemo, spo\u0161tujemo in se od nje u\u010dimo. Dan Zemlje v Lisjakovi strugi 2025\" \/>\n\t\t<meta property=\"og:url\" content=\"https:\/\/visitradgona.si\/de\/novica\/dan-zemlje-v-lisjakovi-strugi-2025\/\" \/>\n\t\t<meta property=\"og:image\" content=\"https:\/\/visitradgona.si\/wp-content\/uploads\/2024\/11\/Visit-Radgona-logo.png\" \/>\n\t\t<meta property=\"og:image:secure_url\" content=\"https:\/\/visitradgona.si\/wp-content\/uploads\/2024\/11\/Visit-Radgona-logo.png\" \/>\n\t\t<meta property=\"og:image:width\" content=\"400\" \/>\n\t\t<meta property=\"og:image:height\" content=\"120\" \/>\n\t\t<meta property=\"article:published_time\" content=\"2025-04-25T06:45:19+00:00\" \/>\n\t\t<meta property=\"article:modified_time\" content=\"2025-05-06T14:25:11+00:00\" \/>\n\t\t<meta property=\"article:publisher\" content=\"https:\/\/www.facebook.com\/VisitRadgona\/\" \/>\n\t\t<meta name=\"twitter:card\" content=\"summary_large_image\" \/>\n\t\t<meta name=\"twitter:title\" content=\"Dan Zemlje v Lisjakovi strugi 2025 - Visit Radgona\" \/>\n\t\t<meta name=\"twitter:description\" content=\"Na son\u010dno aprilsko jutro, v torek, 22.4.2025, je Lisjakova struga za\u017eivela kot naravni u\u010dni poligon in prostor skupnosti, kjer smo ob dnevu Zemlje skupaj z otroki, mentorji, strokovnjaki in sr\u010dnimi prostovoljci slavili na\u0161 planet. V objemu ribnikov, dreves in pti\u010djega petja smo odprli vrata naravi in prisluhnili njenemu tihemu, a odlo\u010dnemu sporo\u010dilu \u2013 da jo varujemo, spo\u0161tujemo in se od nje u\u010dimo. Dan Zemlje v Lisjakovi strugi 2025\" \/>\n\t\t<meta name=\"twitter:image\" content=\"https:\/\/visitradgona.si\/wp-content\/uploads\/2024\/11\/Visit-Radgona-logo.png\" \/>\n\t\t<script type=\"application\/ld+json\" class=\"aioseo-schema\">\n\t\t\t{\"@context\":\"https:\\\/\\\/schema.org\",\"@graph\":[{\"@type\":\"BreadcrumbList\",\"@id\":\"https:\\\/\\\/visitradgona.si\\\/de\\\/novica\\\/dan-zemlje-v-lisjakovi-strugi-2025\\\/#breadcrumblist\",\"itemListElement\":[{\"@type\":\"ListItem\",\"@id\":\"https:\\\/\\\/visitradgona.si\\\/de\\\/#listItem\",\"position\":1,\"name\":\"Home\",\"item\":\"https:\\\/\\\/visitradgona.si\\\/de\\\/\",\"nextItem\":{\"@type\":\"ListItem\",\"@id\":\"https:\\\/\\\/visitradgona.si\\\/de\\\/avtor\\\/mladinski-center-gornja-radgona\\\/#listItem\",\"name\":\"Mladinski center Gornja Radgona\"}},{\"@type\":\"ListItem\",\"@id\":\"https:\\\/\\\/visitradgona.si\\\/de\\\/avtor\\\/mladinski-center-gornja-radgona\\\/#listItem\",\"position\":2,\"name\":\"Mladinski center Gornja Radgona\",\"item\":\"https:\\\/\\\/visitradgona.si\\\/de\\\/avtor\\\/mladinski-center-gornja-radgona\\\/\",\"nextItem\":{\"@type\":\"ListItem\",\"@id\":\"https:\\\/\\\/visitradgona.si\\\/de\\\/novica\\\/dan-zemlje-v-lisjakovi-strugi-2025\\\/#listItem\",\"name\":\"Dan Zemlje v Lisjakovi strugi 2025\"},\"previousItem\":{\"@type\":\"ListItem\",\"@id\":\"https:\\\/\\\/visitradgona.si\\\/de\\\/#listItem\",\"name\":\"Home\"}},{\"@type\":\"ListItem\",\"@id\":\"https:\\\/\\\/visitradgona.si\\\/de\\\/novica\\\/dan-zemlje-v-lisjakovi-strugi-2025\\\/#listItem\",\"position\":3,\"name\":\"Dan Zemlje v Lisjakovi strugi 2025\",\"previousItem\":{\"@type\":\"ListItem\",\"@id\":\"https:\\\/\\\/visitradgona.si\\\/de\\\/avtor\\\/mladinski-center-gornja-radgona\\\/#listItem\",\"name\":\"Mladinski center Gornja Radgona\"}}]},{\"@type\":\"Organization\",\"@id\":\"https:\\\/\\\/visitradgona.si\\\/de\\\/#organization\",\"name\":\"Visit Radgona\",\"description\":\"Mesto sejmov in penine\",\"url\":\"https:\\\/\\\/visitradgona.si\\\/de\\\/\",\"logo\":{\"@type\":\"ImageObject\",\"url\":\"https:\\\/\\\/visitradgona.kiaora.si\\\/wp-content\\\/uploads\\\/2024\\\/11\\\/Visit-Radgona-logo.png\",\"@id\":\"https:\\\/\\\/visitradgona.si\\\/de\\\/novica\\\/dan-zemlje-v-lisjakovi-strugi-2025\\\/#organizationLogo\"},\"image\":{\"@id\":\"https:\\\/\\\/visitradgona.si\\\/de\\\/novica\\\/dan-zemlje-v-lisjakovi-strugi-2025\\\/#organizationLogo\"},\"sameAs\":[\"https:\\\/\\\/www.facebook.com\\\/VisitRadgona\\\/\",\"https:\\\/\\\/www.instagram.com\\\/visitradgona\\\/\",\"https:\\\/\\\/www.youtube.com\\\/@visitradgona\"]},{\"@type\":\"Person\",\"@id\":\"https:\\\/\\\/visitradgona.si\\\/de\\\/author\\\/mladinski-center-gornja-radgona\\\/#author\",\"url\":\"https:\\\/\\\/visitradgona.si\\\/de\\\/author\\\/mladinski-center-gornja-radgona\\\/\",\"name\":\"Mladinski center Gornja Radgona\",\"image\":{\"@type\":\"ImageObject\",\"@id\":\"https:\\\/\\\/visitradgona.si\\\/de\\\/novica\\\/dan-zemlje-v-lisjakovi-strugi-2025\\\/#authorImage\",\"url\":\"https:\\\/\\\/visitradgona.si\\\/wp-content\\\/litespeed\\\/avatar\\\/b338960935ec3694496d4cc14db0e1bc.jpg?ver=1788406308\",\"width\":96,\"height\":96,\"caption\":\"Mladinski center Gornja Radgona\"}},{\"@type\":\"WebPage\",\"@id\":\"https:\\\/\\\/visitradgona.si\\\/de\\\/novica\\\/dan-zemlje-v-lisjakovi-strugi-2025\\\/#webpage\",\"url\":\"https:\\\/\\\/visitradgona.si\\\/de\\\/novica\\\/dan-zemlje-v-lisjakovi-strugi-2025\\\/\",\"name\":\"Dan Zemlje v Lisjakovi strugi 2025 - Visit Radgona\",\"description\":\"Na son\\u010dno aprilsko jutro, v torek, 22.4.2025, je Lisjakova struga za\\u017eivela kot naravni u\\u010dni poligon in prostor skupnosti, kjer smo ob dnevu Zemlje skupaj z otroki, mentorji, strokovnjaki in sr\\u010dnimi prostovoljci slavili na\\u0161 planet. V objemu ribnikov, dreves in pti\\u010djega petja smo odprli vrata naravi in prisluhnili njenemu tihemu, a odlo\\u010dnemu sporo\\u010dilu \\u2013 da jo varujemo, spo\\u0161tujemo in se od nje u\\u010dimo. Dan Zemlje v Lisjakovi strugi 2025\",\"inLanguage\":\"de-DE\",\"isPartOf\":{\"@id\":\"https:\\\/\\\/visitradgona.si\\\/de\\\/#website\"},\"breadcrumb\":{\"@id\":\"https:\\\/\\\/visitradgona.si\\\/de\\\/novica\\\/dan-zemlje-v-lisjakovi-strugi-2025\\\/#breadcrumblist\"},\"author\":{\"@id\":\"https:\\\/\\\/visitradgona.si\\\/de\\\/author\\\/mladinski-center-gornja-radgona\\\/#author\"},\"creator\":{\"@id\":\"https:\\\/\\\/visitradgona.si\\\/de\\\/author\\\/mladinski-center-gornja-radgona\\\/#author\"},\"image\":{\"@type\":\"ImageObject\",\"url\":\"https:\\\/\\\/visitradgona.si\\\/wp-content\\\/uploads\\\/2025\\\/04\\\/IMG_7231_1.jpg\",\"@id\":\"https:\\\/\\\/visitradgona.si\\\/de\\\/novica\\\/dan-zemlje-v-lisjakovi-strugi-2025\\\/#mainImage\",\"width\":2048,\"height\":1365,\"caption\":\"Dan Zemlje v Lisjakovi strugi 2025\"},\"primaryImageOfPage\":{\"@id\":\"https:\\\/\\\/visitradgona.si\\\/de\\\/novica\\\/dan-zemlje-v-lisjakovi-strugi-2025\\\/#mainImage\"},\"datePublished\":\"2025-04-25T08:45:19+02:00\",\"dateModified\":\"2025-05-06T16:25:11+02:00\"},{\"@type\":\"WebSite\",\"@id\":\"https:\\\/\\\/visitradgona.si\\\/de\\\/#website\",\"url\":\"https:\\\/\\\/visitradgona.si\\\/de\\\/\",\"name\":\"Visit Radgona\",\"description\":\"Mesto sejmov in penine\",\"inLanguage\":\"de-DE\",\"publisher\":{\"@id\":\"https:\\\/\\\/visitradgona.si\\\/de\\\/#organization\"}}]}\n\t\t<\/script>\n\t\t<!-- All in One SEO -->\n\n","aioseo_head_json":{"title":"Dan Zemlje v Lisjakovi strugi 2025 - Visit Radgona","description":"Na son\u010dno aprilsko jutro, v torek, 22.4.2025, je Lisjakova struga za\u017eivela kot naravni u\u010dni poligon in prostor skupnosti, kjer smo ob dnevu Zemlje skupaj z otroki, mentorji, strokovnjaki in sr\u010dnimi prostovoljci slavili na\u0161 planet. V objemu ribnikov, dreves in pti\u010djega petja smo odprli vrata naravi in prisluhnili njenemu tihemu, a odlo\u010dnemu sporo\u010dilu \u2013 da jo varujemo, spo\u0161tujemo in se od nje u\u010dimo. Dan Zemlje v Lisjakovi strugi 2025","canonical_url":"https:\/\/visitradgona.si\/de\/novica\/dan-zemlje-v-lisjakovi-strugi-2025\/","robots":"max-image-preview:large","keywords":"","webmasterTools":{"miscellaneous":""},"schema":{"@context":"https:\/\/schema.org","@graph":[{"@type":"BreadcrumbList","@id":"https:\/\/visitradgona.si\/de\/novica\/dan-zemlje-v-lisjakovi-strugi-2025\/#breadcrumblist","itemListElement":[{"@type":"ListItem","@id":"https:\/\/visitradgona.si\/de\/#listItem","position":1,"name":"Home","item":"https:\/\/visitradgona.si\/de\/","nextItem":{"@type":"ListItem","@id":"https:\/\/visitradgona.si\/de\/avtor\/mladinski-center-gornja-radgona\/#listItem","name":"Mladinski center Gornja Radgona"}},{"@type":"ListItem","@id":"https:\/\/visitradgona.si\/de\/avtor\/mladinski-center-gornja-radgona\/#listItem","position":2,"name":"Mladinski center Gornja Radgona","item":"https:\/\/visitradgona.si\/de\/avtor\/mladinski-center-gornja-radgona\/","nextItem":{"@type":"ListItem","@id":"https:\/\/visitradgona.si\/de\/novica\/dan-zemlje-v-lisjakovi-strugi-2025\/#listItem","name":"Dan Zemlje v Lisjakovi strugi 2025"},"previousItem":{"@type":"ListItem","@id":"https:\/\/visitradgona.si\/de\/#listItem","name":"Home"}},{"@type":"ListItem","@id":"https:\/\/visitradgona.si\/de\/novica\/dan-zemlje-v-lisjakovi-strugi-2025\/#listItem","position":3,"name":"Dan Zemlje v Lisjakovi strugi 2025","previousItem":{"@type":"ListItem","@id":"https:\/\/visitradgona.si\/de\/avtor\/mladinski-center-gornja-radgona\/#listItem","name":"Mladinski center Gornja Radgona"}}]},{"@type":"Organization","@id":"https:\/\/visitradgona.si\/de\/#organization","name":"Visit Radgona","description":"Mesto sejmov in penine","url":"https:\/\/visitradgona.si\/de\/","logo":{"@type":"ImageObject","url":"https:\/\/visitradgona.kiaora.si\/wp-content\/uploads\/2024\/11\/Visit-Radgona-logo.png","@id":"https:\/\/visitradgona.si\/de\/novica\/dan-zemlje-v-lisjakovi-strugi-2025\/#organizationLogo"},"image":{"@id":"https:\/\/visitradgona.si\/de\/novica\/dan-zemlje-v-lisjakovi-strugi-2025\/#organizationLogo"},"sameAs":["https:\/\/www.facebook.com\/VisitRadgona\/","https:\/\/www.instagram.com\/visitradgona\/","https:\/\/www.youtube.com\/@visitradgona"]},{"@type":"Person","@id":"https:\/\/visitradgona.si\/de\/author\/mladinski-center-gornja-radgona\/#author","url":"https:\/\/visitradgona.si\/de\/author\/mladinski-center-gornja-radgona\/","name":"Mladinski center Gornja Radgona","image":{"@type":"ImageObject","@id":"https:\/\/visitradgona.si\/de\/novica\/dan-zemlje-v-lisjakovi-strugi-2025\/#authorImage","url":"https:\/\/visitradgona.si\/wp-content\/litespeed\/avatar\/b338960935ec3694496d4cc14db0e1bc.jpg?ver=1788406308","width":96,"height":96,"caption":"Mladinski center Gornja Radgona"}},{"@type":"WebPage","@id":"https:\/\/visitradgona.si\/de\/novica\/dan-zemlje-v-lisjakovi-strugi-2025\/#webpage","url":"https:\/\/visitradgona.si\/de\/novica\/dan-zemlje-v-lisjakovi-strugi-2025\/","name":"Dan Zemlje v Lisjakovi strugi 2025 - Visit Radgona","description":"Na son\u010dno aprilsko jutro, v torek, 22.4.2025, je Lisjakova struga za\u017eivela kot naravni u\u010dni poligon in prostor skupnosti, kjer smo ob dnevu Zemlje skupaj z otroki, mentorji, strokovnjaki in sr\u010dnimi prostovoljci slavili na\u0161 planet. V objemu ribnikov, dreves in pti\u010djega petja smo odprli vrata naravi in prisluhnili njenemu tihemu, a odlo\u010dnemu sporo\u010dilu \u2013 da jo varujemo, spo\u0161tujemo in se od nje u\u010dimo. Dan Zemlje v Lisjakovi strugi 2025","inLanguage":"de-DE","isPartOf":{"@id":"https:\/\/visitradgona.si\/de\/#website"},"breadcrumb":{"@id":"https:\/\/visitradgona.si\/de\/novica\/dan-zemlje-v-lisjakovi-strugi-2025\/#breadcrumblist"},"author":{"@id":"https:\/\/visitradgona.si\/de\/author\/mladinski-center-gornja-radgona\/#author"},"creator":{"@id":"https:\/\/visitradgona.si\/de\/author\/mladinski-center-gornja-radgona\/#author"},"image":{"@type":"ImageObject","url":"https:\/\/visitradgona.si\/wp-content\/uploads\/2025\/04\/IMG_7231_1.jpg","@id":"https:\/\/visitradgona.si\/de\/novica\/dan-zemlje-v-lisjakovi-strugi-2025\/#mainImage","width":2048,"height":1365,"caption":"Dan Zemlje v Lisjakovi strugi 2025"},"primaryImageOfPage":{"@id":"https:\/\/visitradgona.si\/de\/novica\/dan-zemlje-v-lisjakovi-strugi-2025\/#mainImage"},"datePublished":"2025-04-25T08:45:19+02:00","dateModified":"2025-05-06T16:25:11+02:00"},{"@type":"WebSite","@id":"https:\/\/visitradgona.si\/de\/#website","url":"https:\/\/visitradgona.si\/de\/","name":"Visit Radgona","description":"Mesto sejmov in penine","inLanguage":"de-DE","publisher":{"@id":"https:\/\/visitradgona.si\/de\/#organization"}}]},"og:locale":"de_DE","og:site_name":"Visit Radgona - Mesto sejmov in penine","og:type":"article","og:title":"Dan Zemlje v Lisjakovi strugi 2025 - Visit Radgona","og:description":"Na son\u010dno aprilsko jutro, v torek, 22.4.2025, je Lisjakova struga za\u017eivela kot naravni u\u010dni poligon in prostor skupnosti, kjer smo ob dnevu Zemlje skupaj z otroki, mentorji, strokovnjaki in sr\u010dnimi prostovoljci slavili na\u0161 planet. V objemu ribnikov, dreves in pti\u010djega petja smo odprli vrata naravi in prisluhnili njenemu tihemu, a odlo\u010dnemu sporo\u010dilu \u2013 da jo varujemo, spo\u0161tujemo in se od nje u\u010dimo. Dan Zemlje v Lisjakovi strugi 2025","og:url":"https:\/\/visitradgona.si\/de\/novica\/dan-zemlje-v-lisjakovi-strugi-2025\/","og:image":"https:\/\/visitradgona.si\/wp-content\/uploads\/2024\/11\/Visit-Radgona-logo.png","og:image:secure_url":"https:\/\/visitradgona.si\/wp-content\/uploads\/2024\/11\/Visit-Radgona-logo.png","og:image:width":400,"og:image:height":120,"article:published_time":"2025-04-25T06:45:19+00:00","article:modified_time":"2025-05-06T14:25:11+00:00","article:publisher":"https:\/\/www.facebook.com\/VisitRadgona\/","twitter:card":"summary_large_image","twitter:title":"Dan Zemlje v Lisjakovi strugi 2025 - Visit Radgona","twitter:description":"Na son\u010dno aprilsko jutro, v torek, 22.4.2025, je Lisjakova struga za\u017eivela kot naravni u\u010dni poligon in prostor skupnosti, kjer smo ob dnevu Zemlje skupaj z otroki, mentorji, strokovnjaki in sr\u010dnimi prostovoljci slavili na\u0161 planet. V objemu ribnikov, dreves in pti\u010djega petja smo odprli vrata naravi in prisluhnili njenemu tihemu, a odlo\u010dnemu sporo\u010dilu \u2013 da jo varujemo, spo\u0161tujemo in se od nje u\u010dimo. Dan Zemlje v Lisjakovi strugi 2025","twitter:image":"https:\/\/visitradgona.si\/wp-content\/uploads\/2024\/11\/Visit-Radgona-logo.png"},"aioseo_meta_data":{"post_id":"13150","title":null,"description":"#post_excerpt Dan Zemlje v Lisjakovi strugi 2025","keywords":null,"keyphrases":{"focus":{"keyphrase":"Dan Zemlje v Lisjakovi strugi 2025","score":91,"analysis":{"keyphraseInTitle":{"score":9,"maxScore":9,"error":0},"keyphraseInDescription":{"score":9,"maxScore":9,"error":0},"keyphraseLength":{"score":6,"maxScore":9,"error":1,"length":6},"keyphraseInURL":{"score":5,"maxScore":5,"error":0}}},"additional":[]},"primary_term":null,"canonical_url":null,"og_title":null,"og_description":null,"og_object_type":"default","og_image_type":"default","og_image_url":null,"og_image_width":null,"og_image_height":null,"og_image_custom_url":null,"og_image_custom_fields":null,"og_video":"","og_custom_url":null,"og_article_section":null,"og_article_tags":null,"twitter_use_og":false,"twitter_card":"default","twitter_image_type":"default","twitter_image_url":null,"twitter_image_custom_url":null,"twitter_image_custom_fields":null,"twitter_title":null,"twitter_description":null,"schema":{"blockGraphs":[],"customGraphs":[],"default":{"data":{"Article":[],"Course":[],"Dataset":[],"FAQPage":[],"Movie":[],"Person":[],"Product":[],"ProductReview":[],"Car":[],"Recipe":[],"Service":[],"SoftwareApplication":[],"WebPage":[]},"graphName":"WebPage","isEnabled":true},"graphs":[]},"schema_type":"default","schema_type_options":null,"pillar_content":false,"robots_default":true,"robots_noindex":false,"robots_noarchive":false,"robots_nosnippet":false,"robots_nofollow":false,"robots_noimageindex":false,"robots_noodp":false,"robots_notranslate":false,"robots_max_snippet":"-1","robots_max_videopreview":"-1","robots_max_imagepreview":"large","priority":null,"frequency":"default","local_seo":null,"breadcrumb_settings":null,"limit_modified_date":false,"ai":null,"created":"2025-04-25 06:39:17","updated":"2025-07-10 06:34:44","seo_analyzer_scan_date":null},"aioseo_breadcrumb":"<div class=\"aioseo-breadcrumbs\"><span class=\"aioseo-breadcrumb\">\n\t\t\t<a href=\"https:\/\/visitradgona.si\/de\/\" title=\"Home\">Home<\/a>\n\t\t<\/span><span class=\"aioseo-breadcrumb-separator\">|<\/span><span class=\"aioseo-breadcrumb\">\n\t\t\t<a href=\"https:\/\/visitradgona.si\/de\/avtor\/mladinski-center-gornja-radgona\/\" title=\"Mladinski center Gornja Radgona\">Mladinski center Gornja Radgona<\/a>\n\t\t<\/span><span class=\"aioseo-breadcrumb-separator\">|<\/span><span class=\"aioseo-breadcrumb\">\n\t\t\tDan Zemlje v Lisjakovi strugi 2025\n\t\t<\/span><\/div>","aioseo_breadcrumb_json":[{"label":"Home","link":"https:\/\/visitradgona.si\/de\/"},{"label":"Mladinski center Gornja Radgona","link":"https:\/\/visitradgona.si\/de\/avtor\/mladinski-center-gornja-radgona\/"},{"label":"Dan Zemlje v Lisjakovi strugi 2025","link":"https:\/\/visitradgona.si\/de\/novica\/dan-zemlje-v-lisjakovi-strugi-2025\/"}],"taxonomy_info":{"avtor":[{"value":98,"label":"Mladinski center Gornja Radgona"}],"leto-novice":[{"value":148,"label":"2025"}],"mesec-novice":[{"value":138,"label":"April"}]},"featured_image_src_large":["https:\/\/visitradgona.si\/wp-content\/uploads\/2025\/04\/IMG_7231_1-1024x683.jpg",1024,683,true],"author_info":{"display_name":"Mladinski center Gornja Radgona","author_link":"https:\/\/visitradgona.si\/de\/author\/mladinski-center-gornja-radgona\/"},"comment_info":"","_links":{"self":[{"href":"https:\/\/visitradgona.si\/de\/wp-json\/wp\/v2\/novica\/13150","targetHints":{"allow":["GET"]}}],"collection":[{"href":"https:\/\/visitradgona.si\/de\/wp-json\/wp\/v2\/novica"}],"about":[{"href":"https:\/\/visitradgona.si\/de\/wp-json\/wp\/v2\/types\/novica"}],"author":[{"embeddable":true,"href":"https:\/\/visitradgona.si\/de\/wp-json\/wp\/v2\/users\/6"}],"version-history":[{"count":0,"href":"https:\/\/visitradgona.si\/de\/wp-json\/wp\/v2\/novica\/13150\/revisions"}],"wp:featuredmedia":[{"embeddable":true,"href":"https:\/\/visitradgona.si\/de\/wp-json\/wp\/v2\/media\/13193"}],"wp:attachment":[{"href":"https:\/\/visitradgona.si\/de\/wp-json\/wp\/v2\/media?parent=13150"}],"wp:term":[{"taxonomy":"avtor","embeddable":true,"href":"https:\/\/visitradgona.si\/de\/wp-json\/wp\/v2\/avtor?post=13150"},{"taxonomy":"leto-novice","embeddable":true,"href":"https:\/\/visitradgona.si\/de\/wp-json\/wp\/v2\/leto-novice?post=13150"},{"taxonomy":"mesec-novice","embeddable":true,"href":"https:\/\/visitradgona.si\/de\/wp-json\/wp\/v2\/mesec-novice?post=13150"}],"curies":[{"name":"wp","href":"https:\/\/api.w.org\/{rel}","templated":true}]}}